{"id":1624,"date":"2020-12-20T18:08:10","date_gmt":"2020-12-20T18:08:10","guid":{"rendered":"https:\/\/museogcivilcampillo.es\/?page_id=1624"},"modified":"2021-01-04T10:56:32","modified_gmt":"2021-01-04T10:56:32","slug":"biblioteca-del-frente-extremeno","status":"publish","type":"page","link":"https:\/\/museogcivilcampillo.es\/?page_id=1624","title":{"rendered":"Biblioteca del Frente Extreme\u00f1o"},"content":{"rendered":"<p>Les presentamos una selecci\u00f3n de publicaciones relacionadas con los aspectos b\u00e9licos de la Guerra Civil en Extremadura y el Frente Extreme\u00f1o.<\/p>\n<p>&nbsp;<\/p>\n<h5><strong>1. Publicaciones<\/strong><\/h5>\n<p><strong>Chaves Palacios, Juli\u00e1n. La Guerra civil en Extremadura: operaciones militares (1936-1939). Editora Regional de Extremadura. M\u00e9rida. 2008.<\/strong><\/p>\n<p>El autor realiza un estudio exhaustivo de las operaciones militares en Extremadura durante la Guerra Civil de 1936-1939, vali\u00e9ndose para ello de una documentaci\u00f3n amplia y diversa as\u00ed como de un riqu\u00edsimo material fotogr\u00e1fico, que le ha permitido abordar, con la imparcialidad y rigor que requiere un tema de estas caracter\u00edsticas, cuestiones tan interesantes como la ayuda extranjera a las fuerzas de Franco por tierras extreme\u00f1as, la toma de M\u00e9rida y Badajoz por las tropas de Yag\u00fce en el caluroso agosto de 1936 o el control nacionalista de la \u201cBolsa de la Serena\u201d en el no menos t\u00f3rrido est\u00edo de 1938, cuando el declive republicano en la regi\u00f3n se convert\u00eda en una dura realidad y el final del conflicto no tardar\u00eda en llegar.<\/p>\n<hr>\n<p><strong>Espinosa Maestre, Francisco. La columna de la muerte: el avance del ej\u00e9rcito franquista de Sevilla a Badajoz. Editorial Cr\u00edtica. Barcelona. 2008.<\/strong><\/p>\n<p>La columna de la muerte no s\u00f3lo nos descubre la dura realidad de la fase inicial de la guerra civil espa\u00f1ola, hasta las sangrientas batallas de Badajoz, con un estudio minucioso y desmitificador realizado pueblo a pueblo y con la aportaci\u00f3n de nuevas evidencias documentales, sino que renueva los estudios sobre la represi\u00f3n, llev\u00e1ndolos m\u00e1s all\u00e1 del debate sobre las cifras, para ahondar en su naturaleza.<\/p>\n<hr>\n<p><strong>Hinojosa Dur\u00e1n, Jos\u00e9. Tropas en un frente olvidado. El ej\u00e9rcito republicano en Extremadura durante la guerra civil, M\u00e9rida, Editora Regional de Extremadura, 2009.<\/strong><\/p>\n<p>El frente extreme\u00f1o, considerado tradicionalmente como un frente secundario -alejado de las grandes batallas de la guerra civil- es el objeto de este estudio, que sigue con abundante documentaci\u00f3n, tablas, mapas y fotograf\u00edas la evoluci\u00f3n del ej\u00e9rcito republicano en Extremadura, desde el golpe de estado de julio de 1936 hasta la ca\u00edda de la Bolsa de la Serena, en agosto de 1938: la consolidaci\u00f3n de un ej\u00e9rcito que crece desde la milicia popular y se integra en las grandes unidades leales a la Rep\u00fablica. Un libro riguroso, \u00e1gil y muy documentado, que no descuida la atenci\u00f3n a la vida cotidiana y al imaginario castrense tan de la \u00e9poca, un estudio de historia en la tradici\u00f3n anglosajona que sirve de complemento, contrapunto y soporte a las abundantes publicaciones sobre la memoria hist\u00f3rica.<\/p>\n<hr>\n<p><strong>L\u00f3pez Rodr\u00edguez, Antonio D. Cruz, Bandera y Caudillo, el Campo de concentraci\u00f3n de prisioneros de Castuera. CEDER La Serena, D.L. 2006.<\/strong><\/p>\n<p>El libro sit\u00faa la historia del campo de concentraci\u00f3n franquista de Castuera en una m\u00faltiple y riguros\u00edsima contextualizaci\u00f3n&nbsp; hist\u00f3rica&nbsp; militar,&nbsp; pol\u00edtica,&nbsp; sociol\u00f3gica&nbsp; y&nbsp; memorial\u00edstica.<\/p>\n<p>Habla del campo de Castuera, pero tambi\u00e9n de la guerra en Extremadura. Habla de las unida-des militares en liza, pero tambi\u00e9n de las miserias cotidianas sufridas porunos hombres a merced de sus captores dentro del recinto concentracio-nario. Pone rostros y nombres a las v\u00edctimas del campo y a los verdugos.<\/p>\n<p><a href=\"https:\/\/www.academia.edu\/9004634\/Cruz_Bandera_y_Caudillo_el_Campo_de_concentraci%C3%B3n_de_prisioneros_de_Castuera?source=swp_share\" target=\"_blank\" rel=\"noopener\">https:\/\/www.academia.edu\/9004634\/Cruz_Bandera_y_Caudillo_el_Campo_de_concentraci%C3%B3n_de_prisioneros_de_Castuera?source=swp_share<\/a><\/p>\n<hr>\n<p><strong>Mart\u00ednez Bande, Jos\u00e9 Manuel. La batalla de Pozoblanco y el cierre de la bolsa de M\u00e9rida. Editorial San Mart\u00edn: Madrid. 1981<\/strong><\/p>\n<p>Obra dedicada a los \u201cfrentes olvidados\u201d. La obra se centra en las actividades militares en los frentes del Centro y Sur de Espa\u00f1a entre los a\u00f1os 1937 y 1938.<\/p>\n<hr>\n<p><strong>VV.AA. Guerra y patrimonio en el frente extreme\u00f1o: 70 aniversario del cierre de la &#8220;Bolsa de la Serena&#8221;: actas. Centro de Desarrollo Rural La Serena. Castuera. 2008.<\/strong><\/p>\n<p>Las Actas son el resultado de las Jornadas de Patrimonio y Guerra Civil que se celebraron en Castuera a finales de mayo de 2008.<\/p>\n<p><a href=\"https:\/\/www.academia.edu\/9006403\/ACTAS_GUERRA_Y_PATRIMONIO_EN_EL_FRENTE_EXTREME%C3%91O?source=swp_share\" target=\"_blank\" rel=\"noopener\">https:\/\/www.academia.edu\/9006403\/ACTAS_GUERRA_Y_PATRIMONIO_EN_EL_FRENTE_EXTREME%C3%91O?source=swp_share<\/a><\/p>\n<hr>\n<p><strong>VV.AA. El Campo de concentraci\u00f3n de Castuera. Revista de Estudios Extreme\u00f1os. Tomo LXVII-N\u00famero II. Centro de Estudios Extreme\u00f1os. Diputaci\u00f3n de Badajoz. 2011.<\/strong><\/p>\n<p>En el setenta y cinco aniversario de la Guerra Civil, la Revista de Estudios Extreme\u00f1os publica el dossier \u201cEl Campo de concentraci\u00f3n de Castuera: Guerra civil, represi\u00f3n y Memoria\u201d. Este n\u00famero monogr\u00e1fico tiene en el Campo de Castuera el espacio central a partir del cual, y a lo largo de catorce trabajos, se desarrolla una triple perspectiva: la Guerra Civil, la represi\u00f3n y la memoria.<\/p>\n<p><a href=\"https:\/\/www.dip-badajoz.es\/cultura\/ceex\/reex_digital\/reex_LXVII\/2011\/T.%20LXVII%20n.%202%202011%20mayo-ag\/55263.pdf\" target=\"_blank\" rel=\"noopener\">https:\/\/www.dip-badajoz.es\/cultura\/ceex\/reex_digital\/reex_LXVII\/2011\/T.%20LXVII%20n.%202%202011%20mayo-ag\/55263.pdf<\/a><\/p>\n<hr>\n<h5><strong>2. Internet<\/strong><\/h5>\n<p><strong>Blog de Fernando Barrero Arzac.<\/strong> <a href=\"https:\/\/fbarreroarzac.wordpress.com\" target=\"_blank\" rel=\"noopener\">https:\/\/fbarreroarzac.wordpress.com<\/a><\/p>\n<p>Ofrece con gran detalle las distintas operaciones b\u00e9licas en el frente extreme\u00f1o en las que estuvo implicada la 109 Brigada Mixta del Ej\u00e9rcito Popular de la Rep\u00fablica entre los a\u00f1os 1937 y 1939.<\/p>\n<hr>\n<p><strong>Guerra Civil en Badajoz. Restos de la Guerra Civil en la Provincia de Badajoz.<\/strong> <a href=\"https:\/\/www.guerracivilenbadajoz.com\" target=\"_blank\" rel=\"noopener\">https:\/\/www.guerracivilenbadajoz.com<\/a><\/p>\n<p>Sitio web de Jos\u00e9 Pecero Merch\u00e1n que contiene su trabajo sobre la arquitectura militar originada en la guerra civil en la provincia de Badajoz: trincheras, bunker, nidos de ametralladoras, &#8230;<\/p>\n<hr>\n<p><strong>La Guerra Civil en La Serena<\/strong>. <a href=\"http:\/\/www.1936laserenalosmonegros.es\" target=\"_blank\" rel=\"noopener\">http:\/\/www.1936laserenalosmonegros.es<\/a><\/p>\n<p>Las Comarcas de La Serena (Badajoz) y Los Monegros (Huesca) ponen en com\u00fan una de las etapas hist\u00f3ricas m\u00e1s determinantes de nuestro presente como fue la Guerra Civil Espa\u00f1ola. El proyecto de cooperaci\u00f3n &#8220;1936&#8221; entre ambas comarcas pretende avanzar en la difusi\u00f3n, investigaci\u00f3n y conocimiento de mencionado per\u00edodo. Entre las acciones emprendidas est\u00e1 la valorizaci\u00f3n del &#8220;patrimonio de guerra&#8221; como recurso did\u00e1ctico y pedag\u00f3gico a la hora de comprender lo que supuso la guerra, y de las m\u00faltiples secuelas que deja en la poblaci\u00f3n de un pa\u00eds el horror de un enfrentamiento armado.<\/p>\n<hr>\n<h5><strong>3. Obras generales para entender ambos ej\u00e9rcitos<\/strong><\/h5>\n<h6><strong>3.1. Publicaciones<\/strong><\/h6>\n<p><strong>Armero, Jos\u00e9 Mario y Gonz\u00e1lez, Manuel. Armas y pertrechos de la guerra civil espa\u00f1ola.<\/strong> Historia 16. Madrid. 1981.<\/p>\n<hr>\n<p><strong>Engel, Carlos. Historia de las Divisiones del Ej\u00e9rcito Nacional, 1936-1939. <\/strong>Almena Ediciones. Madrid. 2010.<\/p>\n<hr>\n<p><strong>Engel, Carlos. Historia de las Brigadas Mixtas del Ej\u00e9rcito Popular de la Rep\u00fablica, 1936-1939<\/strong>. Almena Ediciones. Madrid. 2005.<\/p>\n<hr>\n<p><strong>Leira Casti\u00f1eira, Francisco J. Soldados de Franco: Reclutamiento forzoso, experiencia de guerra y desmovilizaci\u00f3n militar. <\/strong>Siglo XXI de Espa\u00f1a Editores, S.A. Madrid. 2020.<\/p>\n<p>Los soldados de Franco muestra como su ej\u00e9rcito se forma por obligaci\u00f3n, mediante reclutamiento forzoso que afectan a varias generaciones.<\/p>\n<hr>\n<p><strong>Manrique, Jos\u00e9 Mar\u00eda, Molina Franco, Lucas. Las armas de la Guerra Civil Espa\u00f1ola: el primer estudio global y sistem\u00e1tico del armamento empleado por ambos contendientes<\/strong>. Esfera de los libros. 2006.<\/p>\n<hr>\n<p><strong>Matthews, James. Soldados a la fuerza. Reclutamiento obligatorio durante la guerra civil, 1936-1939. <\/strong>Alianza Editorial. Madrid. 2013.<\/p>\n<p>&#8220;Soldados a la fuerza&#8221; ilustra el funcionamiento del servicio militar obligatorio en las dos zonas durante la Guerra Civil y demuestra la importancia de las pol\u00edticas de reclutamiento y la gesti\u00f3n de los soldados de reemplazo en determinar el resultado final de la contienda.<\/p>\n<hr>\n<p><strong>Sempr\u00fan, Jos\u00e9. Del Hacho al Pirineo. el ej\u00e9rcito nacional de la guerra de Espa\u00f1a. <\/strong>Editorial Actas. San Sebasti\u00e1n de los Reyes (Madrid). 2004.<\/p>\n<p>Una aproximaci\u00f3n a la historia de las fuerzas armadas al servicio del bando nacional durante la guerra de Espa\u00f1a. Armas combatientes, servicios, fuerzas navales y a\u00e9reas; desde las primeras formaciones sublevadas con los generales Franco y Mola hasta el gran ej\u00e9rcito con efectivos superiores al mill\u00f3n de hombres en los d\u00edas finales de la guerra. El proceso de creaci\u00f3n y organizaci\u00f3n de las unidades, la obtenci\u00f3n del armamento y material b\u00e9lico, \u2026<\/p>\n<hr>\n<h6><strong>3.2. Internet<\/strong><\/h6>\n<p>Armamento utilizado en la Guerra Civil Espa\u00f1ola (1936-1939). <a href=\"https:\/\/www.amonio.es\" target=\"_blank\" rel=\"noopener\">https:\/\/www.amonio.es<\/a> <\/p>\n<p>El Ej\u00e9rcito Popular de la Rep\u00fablica. <a href=\"http:\/\/www.sbhac.net\/Republica\/Fuerzas\/Fuerzas.htm\" target=\"_blank\" rel=\"noopener\">http:\/\/www.sbhac.net\/Republica\/Fuerzas\/Fuerzas.htm<\/a><\/p>\n\n","protected":false},"excerpt":{"rendered":"<p>Les presentamos una selecci\u00f3n de publicaciones relacionadas con los aspectos b\u00e9licos de la Guerra Civil en Extremadura y el Frente Extreme\u00f1o. &nbsp; 1. Publicaciones Chaves Palacios, Juli\u00e1n. La Guerra civil en Extremadura: operaciones militares (1936-1939). Editora Regional de Extremadura. M\u00e9rida. 2008. El autor realiza un estudio exhaustivo de las operaciones militares en Extremadura durante la [&hellip;]<\/p>\n","protected":false},"author":1,"featured_media":0,"parent":0,"menu_order":0,"comment_status":"closed","ping_status":"closed","template":"","meta":{"ngg_post_thumbnail":0},"_links":{"self":[{"href":"https:\/\/museogcivilcampillo.es\/index.php?rest_route=\/wp\/v2\/pages\/1624"}],"collection":[{"href":"https:\/\/museogcivilcampillo.es\/index.php?rest_route=\/wp\/v2\/pages"}],"about":[{"href":"https:\/\/museogcivilcampillo.es\/index.php?rest_route=\/wp\/v2\/types\/page"}],"author":[{"embeddable":true,"href":"https:\/\/museogcivilcampillo.es\/index.php?rest_route=\/wp\/v2\/users\/1"}],"replies":[{"embeddable":true,"href":"https:\/\/museogcivilcampillo.es\/index.php?rest_route=%2Fwp%2Fv2%2Fcomments&post=1624"}],"version-history":[{"count":16,"href":"https:\/\/museogcivilcampillo.es\/index.php?rest_route=\/wp\/v2\/pages\/1624\/revisions"}],"predecessor-version":[{"id":1855,"href":"https:\/\/museogcivilcampillo.es\/index.php?rest_route=\/wp\/v2\/pages\/1624\/revisions\/1855"}],"wp:attachment":[{"href":"https:\/\/museogcivilcampillo.es\/index.php?rest_route=%2Fwp%2Fv2%2Fmedia&parent=1624"}],"curies":[{"name":"wp","href":"https:\/\/api.w.org\/{rel}","templated":true}]}}