{"id":574,"date":"2017-09-06T15:55:07","date_gmt":"2017-09-06T15:55:07","guid":{"rendered":"http:\/\/museogcivilcampillo.es\/?page_id=574"},"modified":"2020-12-07T11:13:59","modified_gmt":"2020-12-07T11:13:59","slug":"brigada-flechas-azules","status":"publish","type":"page","link":"https:\/\/museogcivilcampillo.es\/?page_id=574","title":{"rendered":"Brigada Mixta Flechas Azules &#8211; Frecce Azzurre"},"content":{"rendered":"<p>La 1\u00aa Brigada Mixta Legionaria Flechas Azules (Frecce Azzurre) construy\u00f3 el Cementerio militar de los Italianos en Campillo de Llerena para dar sepultura a sus fallecidos en los combates de la primera batalla de la Sierra de Argall\u00e9n.<\/p>\n<p>En diciembre de 1936, los sublevados y las autoridades italianas de la \u00abMissione Militar Italiana in Spagna\u00bb acordar\u00f3n la formaci\u00f3n de dos brigadas mixtas \u00edtalo-espa\u00f1olas formada por tropa espa\u00f1ola mientras que los mandos y la tropa especialista ser\u00eda italiana siendo dotadas con el material sobrante del cuerpo de ej\u00e9rcito enviado por Mussolini denominado CORPO TRUPPE VOLONTARIE ITALIANE (CTV).&nbsp; En el acuerdo se establec\u00eda la org\u00e1nica de las mismas que quedar\u00edan formadas por seis batallones reunidos en dos regimientos, una compa\u00f1\u00eda de tanquetas CV-33, dos grupos de artiller\u00eda, ingenieros, intendencia y sanidad. Pese a lo establecido, ambas brigadas acabar\u00edan sustituyendo la proyectada compa\u00f1\u00eda de tanquetas por un batall\u00f3n de \u00abarditi\u00bb o asalto italianos y su dotaci\u00f3n artillera qued\u00f3 reducida a un grupo de ca\u00f1ones de 75\/27 mm.<\/p>\n<p>As\u00ed, la Brigada Mixta Legionaria Flechas Azules es constituida el 1 de febrero de 1937 en Sevilla, con su estructura y composici\u00f3n basada en el modelo de la Brigada Mixta \u201cFlechas&nbsp; Negras\u201d, creada el 11 de Enero de 1937 en Badajoz.<\/p>\n<p>&nbsp;<\/p>\n<div id=\"attachment_580\" style=\"width: 810px\" class=\"wp-caption aligncenter\"><img aria-describedby=\"caption-attachment-580\" loading=\"lazy\" class=\"wp-image-580\" src=\"http:\/\/museogcivilcampillo.es\/wp-content\/uploads\/2017\/09\/flechas-azules-Campillo-Llerena-2-1024x641.jpg\" alt=\"Brigada Flechas Azules en Campillo de Llerena (Badajoz)\" width=\"800\" height=\"501\" srcset=\"https:\/\/museogcivilcampillo.es\/wp-content\/uploads\/2017\/09\/flechas-azules-Campillo-Llerena-2-1024x641.jpg 1024w, https:\/\/museogcivilcampillo.es\/wp-content\/uploads\/2017\/09\/flechas-azules-Campillo-Llerena-2-300x188.jpg 300w, https:\/\/museogcivilcampillo.es\/wp-content\/uploads\/2017\/09\/flechas-azules-Campillo-Llerena-2-768x481.jpg 768w, https:\/\/museogcivilcampillo.es\/wp-content\/uploads\/2017\/09\/flechas-azules-Campillo-Llerena-2-436x272.jpg 436w, https:\/\/museogcivilcampillo.es\/wp-content\/uploads\/2017\/09\/flechas-azules-Campillo-Llerena-2-800x501.jpg 800w, https:\/\/museogcivilcampillo.es\/wp-content\/uploads\/2017\/09\/flechas-azules-Campillo-Llerena-2.jpg 1288w\" sizes=\"(max-width: 800px) 100vw, 800px\" \/><p id=\"caption-attachment-580\" class=\"wp-caption-text\">Brigada Flechas Azules en Campillo de Llerena (Badajoz) &#8211; junio 1937.<\/p><\/div>\n<p>&nbsp;<\/p>\n<p>La Brigada Mixta \u201cFlechas Azules\u201d se numer\u00f3 como 1\u00aa, aunque cronol\u00f3gicamente se hubiese creado m\u00e1s tarde que los Flechas Negras que ha quedado como 2\u00aa, constituy\u00e9ndose con dos regimientos de tres batallones cada uno y cuatro compa\u00f1\u00edas cada batall\u00f3n del siguiente modo:<\/p>\n<ul>\n<li>1\u00baRegimento\n<ul>\n<li>1\u00ba Batall\u00f3n &#8220;Cerro Toro\u201d.<\/li>\n<li>2\u00baBatall\u00f3n &#8220;Sierra Lazaro\u201d.<\/li>\n<li>3\u00ba Batall\u00f3n &#8220;Sierra Alteruela\u201d.<\/li>\n<\/ul>\n<\/li>\n<li>2\u00ba Regimiento\n<ul>\n<li>1\u00ba Batall\u00f3n &#8220;Sierra Avila\u201d.<\/li>\n<li>2\u00ba Batall\u00f3n &#8220;Sierra Argallen\u201d.<\/li>\n<li>3\u00ba Batall\u00f3n &#8220;Maggiore Roccio\u201d.<\/li>\n<\/ul>\n<\/li>\n<li>Batall\u00f3n de Asalto<\/li>\n<li>Batall\u00f3n de Ametralladoras.<\/li>\n<li>Regimiento de Artiller\u00eda.<\/li>\n<li>Compa\u00f1\u00eda de ingenieros.<\/li>\n<li>Compa\u00f1\u00eda de transmisiones.<\/li>\n<li>Unidad de Servicios.<\/li>\n<\/ul>\n<p style=\"padding-left: 30px;\"><span style=\"font-size: 8pt;\">*Los batallones recibieron sus nombres tras la primera batalla de Argall\u00e9n y se refieren a los lugares de sus respectivas operaciones.<\/span><\/p>\n<p>Contaba con unos efectivos de 5.000 hombres, donde los italianos aportaban los oficiales, el personal t\u00e9cnico y el armamento y Espa\u00f1a aportaba la tropa. La excepci\u00f3n eran los batallones de Artiller\u00eda y Asalto, cuyos componentes eran en su totalidad, al menos en principio, italianos. Al frente de la Brigada Mixta se coloc\u00f3 al Coronel Mario Guassardo, al\u00edas Gusberti.<\/p>\n<p>Los espa\u00f1oles de la Brigada procedian mayoritariamente de Extremadura, buena parte voluntarios de Falange, aunque tambi\u00e9n habr\u00eda guardias civiles y soldados de reemplazo. Por su parte, los italianos proced\u00edan de los \u201cCamisas Negras de la Milicia Voluntaria para la Seguridad Nacional\u201d (los conocidos Camisas Negras) y el Ej\u00e9rcito Real Italiano.<\/p>\n<p>El lema de la unidad era <em>\u201cAGREDIR PARA VENCER<\/em>\u201d y su distintivo el Yugo y las Flechas de Falange. Su uniformidad y pertrechos son italianos.<\/p>\n<p>&nbsp;<\/p>\n<p><img loading=\"lazy\" class=\"wp-image-593 aligncenter\" src=\"http:\/\/museogcivilcampillo.es\/wp-content\/uploads\/2017\/09\/parche-y-casco-flechas-azules2-1024x485.jpg\" alt=\"\" width=\"650\" height=\"308\" srcset=\"https:\/\/museogcivilcampillo.es\/wp-content\/uploads\/2017\/09\/parche-y-casco-flechas-azules2-1024x485.jpg 1024w, https:\/\/museogcivilcampillo.es\/wp-content\/uploads\/2017\/09\/parche-y-casco-flechas-azules2-300x142.jpg 300w, https:\/\/museogcivilcampillo.es\/wp-content\/uploads\/2017\/09\/parche-y-casco-flechas-azules2-768x364.jpg 768w, https:\/\/museogcivilcampillo.es\/wp-content\/uploads\/2017\/09\/parche-y-casco-flechas-azules2-800x379.jpg 800w\" sizes=\"(max-width: 650px) 100vw, 650px\" \/><\/p>\n<p>&nbsp;<\/p>\n<p>Desde marzo de 1937, la Brigada permaneci\u00f3 repartida entre las localidades de Almendralejo, Villafranca de los Barros y los Santos de Maimona, donde se completa la organizaci\u00f3n con la incorporaci\u00f3n de la tropa espa\u00f1ola y su correspondiente instrucci\u00f3n.&nbsp; El 6 de abril de 1937, la unidad es trasladada cerca de Azuaga para participar en la ofensiva de Pozoblanco como refuerzo ante la falta de reservas y el desgaste de las tropas franquistas, entrando por primera vez en combate el 14 de Abril en el sector de Fuenteovejuna. En estos combates se registra la p\u00e9rdida de siete italianos entre los 18 muertos y seis desapariciones sufridas.<\/p>\n<p>Entre el 8 y el 10 de junio, la Brigada es trasladada hasta la zona de Campillo de Llerena con el objetivo de participar en una de las primeras acciones para cerrar parcialmente el &#8220;entrante de La Serena&#8221; y diluir en lo posible la amenaza que supone el \u201cPlan P\u201d republicano a trav\u00e9s de un movimiento combinado en pinza desde el frente de Guare\u00f1a al Norte y Retamal-Campillo al Sur.<\/p>\n<p>La acci\u00f3n tendr\u00e1 como objetivo las sierras de \u00c1vila, L\u00e1zaro y Argall\u00e9n, con el objetivo de consolidar las d\u00e9biles posiciones del sector y dominar con su conquista el acceso a la comarca de La Serena. Adem\u00e1s, facilitar la mencionada operaci\u00f3n de penetraci\u00f3n por el \u00e1rea de Guare\u00f1a-Valdetorres hacia el r\u00edo Guadamez.<\/p>\n<p>La operaci\u00f3n, conocida como la <strong>primera batalla de Argall\u00e9n<\/strong>, ser\u00e1 llevada a cabo \u00edntegramente por la Brigada y apoyada por las unidades de la 2\u00aa Brigada de la 21 Divisi\u00f3n franquista presentes en la zona y custodios de este sector del Frente. Gracias a esta operaci\u00f3n se consolida el Frente Este de Campillo de Llerena al ocupar las posiciones de Mingorrubio y Canta el Gallo. Desde este punto a Granja de Torrehermosa el frente franquista quedar\u00e1 al sur de las sierras de Acebuche, Sierra Quemada y Madro\u00f1o, ocupadas por la Rep\u00fablica, y ser\u00e1 cubierto con 5 escuadrones de caballer\u00eda.<\/p>\n<p>&nbsp;<\/p>\n<div id=\"attachment_579\" style=\"width: 810px\" class=\"wp-caption aligncenter\"><img aria-describedby=\"caption-attachment-579\" loading=\"lazy\" class=\"wp-image-579\" src=\"http:\/\/museogcivilcampillo.es\/wp-content\/uploads\/2017\/09\/flechas-azules-Campillo-Llerena-1-1024x651.jpg\" alt=\"Brigada Flechas Azules en Campillo de Llerena (Badajoz) - junio 1937\" width=\"800\" height=\"508\" srcset=\"https:\/\/museogcivilcampillo.es\/wp-content\/uploads\/2017\/09\/flechas-azules-Campillo-Llerena-1-1024x651.jpg 1024w, https:\/\/museogcivilcampillo.es\/wp-content\/uploads\/2017\/09\/flechas-azules-Campillo-Llerena-1-300x191.jpg 300w, https:\/\/museogcivilcampillo.es\/wp-content\/uploads\/2017\/09\/flechas-azules-Campillo-Llerena-1-768x488.jpg 768w, https:\/\/museogcivilcampillo.es\/wp-content\/uploads\/2017\/09\/flechas-azules-Campillo-Llerena-1-800x508.jpg 800w, https:\/\/museogcivilcampillo.es\/wp-content\/uploads\/2017\/09\/flechas-azules-Campillo-Llerena-1.jpg 1821w\" sizes=\"(max-width: 800px) 100vw, 800px\" \/><p id=\"caption-attachment-579\" class=\"wp-caption-text\">Brigada Flechas Azules en Campillo de Llerena (Badajoz) &#8211; junio 1937.<\/p><\/div>\n<p>&nbsp;<\/p>\n<p>El d\u00eda 12 de Junio de 1937, la unidad realiz\u00f3 su primer ataque en la zona de Campillo a las posiciones republicanas, sumando un total de cinco fallecidos y treinta heridos.<\/p>\n<p>La plan de operaciones contemplaba el uso de dos grupos. El grupo de la izquierda tendr\u00e1 como objetivos la ocupaci\u00f3n de Sierra de Avila, con un golpe de mano nocturno. A continuaci\u00f3n la conquista de Sierra L\u00e1zaro atacando por la izquierda y flanqueando a los defensores hasta el Castillo de Canal\u00f3n llegando al r\u00edo Guadamez. El segundo grupo atacar\u00e1 Sierra de Argall\u00e9n, teniendo como objetivo inicial el Puerto de los Argallenes, la Casa de los Americanos y finalmente el Castillo de Argall\u00e9n.<\/p>\n<p>Todos los objetivos se cumplieron excepto la toma del Castillo de Argall\u00e9n que ser\u00e1 recuperado por las fuerzas de la Rep\u00fablica, batallones de la 109 y 63 Brigada Mixta, el d\u00eda 20 de junio.<\/p>\n<p>Partes de guerra franquistas con las operaciones de Sierra de Argall\u00e9n:<\/p>\n<ul>\n<li><strong>Parte de Guerra Sublevados (12 de junio de 1937). <\/strong>Ej\u00e9rcito del Sur.<strong>&nbsp;<\/strong>Frente de Extremadura.\u2014Fuerzas legionarias han ocupado brillantemente algunas posiciones a vanguardia de nuestras l\u00edneas en las Sierras de Avila y Algall\u00e9n, haciendo huir al enemigo que sufri\u00f3 numeros\u00edsimas bajas y cogi\u00e9ndole 35 prisioneros.<\/li>\n<li><strong>Parte de Guerra Sublevados (13 de junio de 1937). <\/strong>Frente de Extremadura.\u2014Fuerzas legionarias han llevado a cabo un nuevo avance, venciendo briosamente la resistencia del enemigo y ocupando un importante collado.<\/li>\n<li><strong>Parte de Guerra Sublevados (19 de junio de 1937). <\/strong>Ej\u00e9rcito del Sur. Frente de Extremadura.\u2014 Un peque\u00f1o destacamento de Flechas Azules dio un atrevido golpe de mano, cogiendo al enemigo nueve ametralladoras, un fusil ametrallador, 210 cargadores circulares, 135 fusiles, m\u00e1s de 200.000 cartuchos, 399 bombas, otras 123 cajas de cartuchos, tres m\u00e1quinas de cargar cartuchos, diversos tr\u00edpodes, caretas antig\u00e1s y otro material sin clasificar, en n\u00famero tan considerable que, para transp\u00f3rtalo, ha sido necesario emplear seis camiones.<\/li>\n<li><strong>Parte de Guerra Sublevados (21 de junio de 1937). <\/strong>Ej\u00e9rcito del Sur. Frente de Extremadura.\u2014 Fuerzas legionarias, ante el prop\u00f3sito del enemigo de atacar Campillo, se adelantaron, estableciendo contacto con los rojos a 10 kil\u00f3metros de dicho pueblo, rechaz\u00e1ndoles, caus\u00e1ndoles gran numero de bajas y ocupando posiciones.<\/li>\n<\/ul>\n<p>&nbsp;<\/p>\n<ul>\n<li>\n<p><div id=\"attachment_774\" style=\"width: 810px\" class=\"wp-caption aligncenter\"><img aria-describedby=\"caption-attachment-774\" loading=\"lazy\" class=\"wp-image-774\" src=\"http:\/\/museogcivilcampillo.es\/wp-content\/uploads\/2017\/09\/1-batalla-argalen-759x1024.jpg\" alt=\"\" width=\"800\" height=\"1079\" srcset=\"https:\/\/museogcivilcampillo.es\/wp-content\/uploads\/2017\/09\/1-batalla-argalen-759x1024.jpg 759w, https:\/\/museogcivilcampillo.es\/wp-content\/uploads\/2017\/09\/1-batalla-argalen-222x300.jpg 222w, https:\/\/museogcivilcampillo.es\/wp-content\/uploads\/2017\/09\/1-batalla-argalen-768x1036.jpg 768w, https:\/\/museogcivilcampillo.es\/wp-content\/uploads\/2017\/09\/1-batalla-argalen-445x600.jpg 445w\" sizes=\"(max-width: 800px) 100vw, 800px\" \/><p id=\"caption-attachment-774\" class=\"wp-caption-text\">Croquis de las operaciones militares de la primera batalla de Sierra de Argall\u00e9n en junio de 1937.<\/p><\/div><\/li>\n<\/ul>\n<p>&nbsp;<\/p>\n<p>Las \u00faltimas acciones de los \u201cFrecce Azurre\u201d en el Frente Extreme\u00f1o se registraron el 21 de junio. En total, la primera batalla de Sierra de Argall\u00e9n dejo un total de 69 muertos y 322 heridos a la unidad. En esta batalla, el 13 de junio de 1937, cae el Mayor de Infanter\u00eda Luis Pedre\u00f1o Ram\u00edrez, Comandante de la 109 Brigada Mixta del Ej\u00e9rcito Popular de la Rep\u00fablica.<\/p>\n<p>&nbsp;<\/p>\n<div id=\"attachment_581\" style=\"width: 810px\" class=\"wp-caption aligncenter\"><img aria-describedby=\"caption-attachment-581\" loading=\"lazy\" class=\"wp-image-581\" src=\"http:\/\/museogcivilcampillo.es\/wp-content\/uploads\/2017\/09\/flechas-azules-Campillo-Llerena-3-1024x636.jpg\" alt=\"Brigada Flechas Azules en Campillo de Llerena (Badajoz) - junio 1937\" width=\"800\" height=\"497\" srcset=\"https:\/\/museogcivilcampillo.es\/wp-content\/uploads\/2017\/09\/flechas-azules-Campillo-Llerena-3-1024x636.jpg 1024w, https:\/\/museogcivilcampillo.es\/wp-content\/uploads\/2017\/09\/flechas-azules-Campillo-Llerena-3-300x186.jpg 300w, https:\/\/museogcivilcampillo.es\/wp-content\/uploads\/2017\/09\/flechas-azules-Campillo-Llerena-3-768x477.jpg 768w, https:\/\/museogcivilcampillo.es\/wp-content\/uploads\/2017\/09\/flechas-azules-Campillo-Llerena-3-436x272.jpg 436w, https:\/\/museogcivilcampillo.es\/wp-content\/uploads\/2017\/09\/flechas-azules-Campillo-Llerena-3-800x497.jpg 800w, https:\/\/museogcivilcampillo.es\/wp-content\/uploads\/2017\/09\/flechas-azules-Campillo-Llerena-3.jpg 1846w\" sizes=\"(max-width: 800px) 100vw, 800px\" \/><p id=\"caption-attachment-581\" class=\"wp-caption-text\">Mandos de la Brigada Flechas Azules en Campillo de Llerena (Badajoz) &#8211; junio 1937.<\/p><\/div>\n<p>&nbsp;<\/p>\n<div id=\"attachment_743\" style=\"width: 460px\" class=\"wp-caption aligncenter\"><img aria-describedby=\"caption-attachment-743\" loading=\"lazy\" class=\"wp-image-743\" src=\"http:\/\/museogcivilcampillo.es\/wp-content\/uploads\/2017\/09\/tenientes-arguallen.jpg\" alt=\"\" width=\"450\" height=\"346\" srcset=\"https:\/\/museogcivilcampillo.es\/wp-content\/uploads\/2017\/09\/tenientes-arguallen.jpg 564w, https:\/\/museogcivilcampillo.es\/wp-content\/uploads\/2017\/09\/tenientes-arguallen-300x231.jpg 300w\" sizes=\"(max-width: 450px) 100vw, 450px\" \/><p id=\"caption-attachment-743\" class=\"wp-caption-text\">Tenientes italianos del 2\u00ba Batall\u00f3n &#8220;Sierra Argall\u00e9n&#8221;: Andreatta, Niocolini, Labonia e Cannata.<\/p><\/div>\n<p>&nbsp;<\/p>\n<p>El cementerio militar de los Italianos fue construido por la propia Brigada en Junio para enterrar a la bajas sufridas en los citados combates.<\/p>\n<p>&nbsp;<\/p>\n<div id=\"attachment_412\" style=\"width: 510px\" class=\"wp-caption aligncenter\"><img aria-describedby=\"caption-attachment-412\" loading=\"lazy\" class=\"wp-image-412\" src=\"http:\/\/museogcivilcampillo.es\/wp-content\/uploads\/2017\/08\/DSC05542.jpg\" alt=\"\" width=\"500\" height=\"375\" srcset=\"https:\/\/museogcivilcampillo.es\/wp-content\/uploads\/2017\/08\/DSC05542.jpg 1000w, https:\/\/museogcivilcampillo.es\/wp-content\/uploads\/2017\/08\/DSC05542-300x225.jpg 300w, https:\/\/museogcivilcampillo.es\/wp-content\/uploads\/2017\/08\/DSC05542-768x576.jpg 768w, https:\/\/museogcivilcampillo.es\/wp-content\/uploads\/2017\/08\/DSC05542-800x600.jpg 800w\" sizes=\"(max-width: 500px) 100vw, 500px\" \/><p id=\"caption-attachment-412\" class=\"wp-caption-text\">Tumba de un militar italiano de la Brigada Flechas Azules en el Cementerio de los Italianos.<\/p><\/div>\n<p>&nbsp;<\/p>\n<div id=\"attachment_741\" style=\"width: 510px\" class=\"wp-caption aligncenter\"><img aria-describedby=\"caption-attachment-741\" loading=\"lazy\" class=\"wp-image-741\" src=\"http:\/\/museogcivilcampillo.es\/wp-content\/uploads\/2017\/09\/fernando-tanucci.jpg\" alt=\"\" width=\"500\" height=\"344\" srcset=\"https:\/\/museogcivilcampillo.es\/wp-content\/uploads\/2017\/09\/fernando-tanucci.jpg 621w, https:\/\/museogcivilcampillo.es\/wp-content\/uploads\/2017\/09\/fernando-tanucci-300x206.jpg 300w\" sizes=\"(max-width: 500px) 100vw, 500px\" \/><p id=\"caption-attachment-741\" class=\"wp-caption-text\">Fernando Tanucci Nannini, jefe del II Batall\u00f3n Sierra Argall\u00e9n<\/p><\/div>\n<p>&nbsp;<\/p>\n<p>La uniformidad del soldado de Infanter\u00eda de las Brigadas Mixtas &#8220;Flechas Azules&#8221; en junio de 1937 consiste en un casco gris verde modelo adrian italiano 1915. Guerrera, camisa y pantalones de color kaki-arena del modelo italiano. Vendas color kaki-oliva. Escudo de la brigada en brazo izquierdo. Cartucheras de tipo espa\u00f1ol de cuero marr\u00f3n claro. Fusil y bayoneta italiano modelo Carcano M91. Calzado de cuero natural oscuro.<\/p>\n<p>&nbsp;<\/p>\n<div id=\"attachment_735\" style=\"width: 510px\" class=\"wp-caption aligncenter\"><img aria-describedby=\"caption-attachment-735\" loading=\"lazy\" class=\"wp-image-735\" src=\"http:\/\/museogcivilcampillo.es\/wp-content\/uploads\/2017\/09\/lamina_flechas-1-690x1024.jpg\" alt=\"\" width=\"500\" height=\"742\" srcset=\"https:\/\/museogcivilcampillo.es\/wp-content\/uploads\/2017\/09\/lamina_flechas-1-690x1024.jpg 690w, https:\/\/museogcivilcampillo.es\/wp-content\/uploads\/2017\/09\/lamina_flechas-1-202x300.jpg 202w, https:\/\/museogcivilcampillo.es\/wp-content\/uploads\/2017\/09\/lamina_flechas-1-768x1139.jpg 768w, https:\/\/museogcivilcampillo.es\/wp-content\/uploads\/2017\/09\/lamina_flechas-1-405x600.jpg 405w, https:\/\/museogcivilcampillo.es\/wp-content\/uploads\/2017\/09\/lamina_flechas-1.jpg 981w\" sizes=\"(max-width: 500px) 100vw, 500px\" \/><p id=\"caption-attachment-735\" class=\"wp-caption-text\">Uniformidad de los Flechas Azules en 1937<\/p><\/div>\n<p>&nbsp;<\/p>\n<p>El 1 de agosto de 1937, las dos Brigadas se reunieron bajo una sola Divisi\u00f3n: la &#8221; Divisi\u00f3n Flechas&#8221;. Al a\u00f1o siguiente, en oto\u00f1o de 1938, esta unidad se desdobla en las divisiones legionarias \u201cFlechas Azules\u201d, \u201cFlechas verdes\u201d y \u201cFlechas Negras\u201d.<\/p>\n<p>&nbsp;<\/p>\n<div id=\"attachment_609\" style=\"width: 590px\" class=\"wp-caption aligncenter\"><img aria-describedby=\"caption-attachment-609\" loading=\"lazy\" class=\"wp-image-609 size-full\" src=\"http:\/\/museogcivilcampillo.es\/wp-content\/uploads\/2017\/09\/tarjeta-postal-flechas-azules.jpg\" alt=\"\" width=\"580\" height=\"398\" srcset=\"https:\/\/museogcivilcampillo.es\/wp-content\/uploads\/2017\/09\/tarjeta-postal-flechas-azules.jpg 580w, https:\/\/museogcivilcampillo.es\/wp-content\/uploads\/2017\/09\/tarjeta-postal-flechas-azules-300x206.jpg 300w\" sizes=\"(max-width: 580px) 100vw, 580px\" \/><p id=\"caption-attachment-609\" class=\"wp-caption-text\">Tarjeta postal de los Flechas Azules<\/p><\/div>\n<p>&nbsp;<\/p>\n<div id=\"attachment_587\" style=\"width: 710px\" class=\"wp-caption aligncenter\"><img aria-describedby=\"caption-attachment-587\" loading=\"lazy\" class=\"wp-image-587\" src=\"http:\/\/museogcivilcampillo.es\/wp-content\/uploads\/2017\/09\/img-11.png\" alt=\"\" width=\"700\" height=\"892\" srcset=\"https:\/\/museogcivilcampillo.es\/wp-content\/uploads\/2017\/09\/img-11.png 785w, https:\/\/museogcivilcampillo.es\/wp-content\/uploads\/2017\/09\/img-11-236x300.png 236w, https:\/\/museogcivilcampillo.es\/wp-content\/uploads\/2017\/09\/img-11-768x978.png 768w, https:\/\/museogcivilcampillo.es\/wp-content\/uploads\/2017\/09\/img-11-471x600.png 471w\" sizes=\"(max-width: 700px) 100vw, 700px\" \/><p id=\"caption-attachment-587\" class=\"wp-caption-text\">Cartel de la &#8220;Divisi\u00f3n Flechas&#8221; &#8211; observen los distintivos de las unidades que la constituyen.<\/p><\/div>\n<p>&nbsp;<\/p>\n<p>Tras su paso por Extremadura, la Brigada Flechas Azules estuvo combatiendo en los frentes de Madrid, Pa\u00eds Vasco, el Ebro y Toledo.<\/p>\n<div id=\"attachment_766\" style=\"width: 810px\" class=\"wp-caption aligncenter\"><a href=\"http:\/\/museogcivilcampillo.es\/wp-content\/uploads\/2017\/09\/operaciones-CTV-y-Flechas.jpg\" target=\"_blank\" rel=\"noopener noreferrer\"><img aria-describedby=\"caption-attachment-766\" loading=\"lazy\" class=\"wp-image-766\" src=\"http:\/\/museogcivilcampillo.es\/wp-content\/uploads\/2017\/09\/operaciones-CTV-y-Flechas-1024x805.jpg\" alt=\"\" width=\"800\" height=\"629\" srcset=\"https:\/\/museogcivilcampillo.es\/wp-content\/uploads\/2017\/09\/operaciones-CTV-y-Flechas-1024x805.jpg 1024w, https:\/\/museogcivilcampillo.es\/wp-content\/uploads\/2017\/09\/operaciones-CTV-y-Flechas-300x236.jpg 300w, https:\/\/museogcivilcampillo.es\/wp-content\/uploads\/2017\/09\/operaciones-CTV-y-Flechas-768x604.jpg 768w, https:\/\/museogcivilcampillo.es\/wp-content\/uploads\/2017\/09\/operaciones-CTV-y-Flechas-763x600.jpg 763w\" sizes=\"(max-width: 800px) 100vw, 800px\" \/><\/a><p id=\"caption-attachment-766\" class=\"wp-caption-text\">Mapa con las operaciones militares realizadas por el CTV y las Divisiones de Flechas. 1939. Fuente: Institut Cartogr\u00e0fic i Geol\u00f2gic de Catalunya.<\/p><\/div>\n","protected":false},"excerpt":{"rendered":"<p>La 1\u00aa Brigada Mixta Legionaria Flechas Azules (Frecce Azzurre) construy\u00f3 el Cementerio militar de los Italianos en Campillo de Llerena para dar sepultura a sus fallecidos en los combates de la primera batalla de la Sierra de Argall\u00e9n. En diciembre de 1936, los sublevados y las autoridades italianas de la \u00abMissione Militar Italiana in Spagna\u00bb [&hellip;]<\/p>\n","protected":false},"author":1,"featured_media":0,"parent":0,"menu_order":0,"comment_status":"closed","ping_status":"closed","template":"","meta":{"ngg_post_thumbnail":0},"_links":{"self":[{"href":"https:\/\/museogcivilcampillo.es\/index.php?rest_route=\/wp\/v2\/pages\/574"}],"collection":[{"href":"https:\/\/museogcivilcampillo.es\/index.php?rest_route=\/wp\/v2\/pages"}],"about":[{"href":"https:\/\/museogcivilcampillo.es\/index.php?rest_route=\/wp\/v2\/types\/page"}],"author":[{"embeddable":true,"href":"https:\/\/museogcivilcampillo.es\/index.php?rest_route=\/wp\/v2\/users\/1"}],"replies":[{"embeddable":true,"href":"https:\/\/museogcivilcampillo.es\/index.php?rest_route=%2Fwp%2Fv2%2Fcomments&post=574"}],"version-history":[{"count":66,"href":"https:\/\/museogcivilcampillo.es\/index.php?rest_route=\/wp\/v2\/pages\/574\/revisions"}],"predecessor-version":[{"id":1479,"href":"https:\/\/museogcivilcampillo.es\/index.php?rest_route=\/wp\/v2\/pages\/574\/revisions\/1479"}],"wp:attachment":[{"href":"https:\/\/museogcivilcampillo.es\/index.php?rest_route=%2Fwp%2Fv2%2Fmedia&parent=574"}],"curies":[{"name":"wp","href":"https:\/\/api.w.org\/{rel}","templated":true}]}}