{"id":91,"date":"2017-07-18T19:54:49","date_gmt":"2017-07-18T19:54:49","guid":{"rendered":"http:\/\/museogcivilcampillo.es\/?page_id=91"},"modified":"2020-12-06T19:49:42","modified_gmt":"2020-12-06T19:49:42","slug":"el-cementerio-de-los-italianos","status":"publish","type":"page","link":"https:\/\/museogcivilcampillo.es\/?page_id=91","title":{"rendered":"El Cementerio de los Italianos"},"content":{"rendered":"\t\t<div data-elementor-type=\"wp-post\" data-elementor-id=\"91\" class=\"elementor elementor-91\" data-elementor-settings=\"[]\">\n\t\t\t\t\t\t<div class=\"elementor-inner\">\n\t\t\t\t\t\t\t<div class=\"elementor-section-wrap\">\n\t\t\t\t\t\t\t<section class=\"elementor-section elementor-top-section elementor-element elementor-element-lqtsjjg elementor-section-full_width elementor-section-height-default elementor-section-height-default\" data-id=\"lqtsjjg\" data-element_type=\"section\">\n\t\t\t\t\t\t<div class=\"elementor-container elementor-column-gap-default\">\n\t\t\t\t\t\t\t<div class=\"elementor-row\">\n\t\t\t\t\t<div class=\"elementor-column elementor-col-100 elementor-top-column elementor-element elementor-element-klcyvlb\" data-id=\"klcyvlb\" data-element_type=\"column\">\n\t\t\t<div class=\"elementor-column-wrap elementor-element-populated\">\n\t\t\t\t\t\t\t<div class=\"elementor-widget-wrap\">\n\t\t\t\t\t\t<div class=\"elementor-element elementor-element-vilmk6b elementor-widget elementor-widget-image\" data-id=\"vilmk6b\" data-element_type=\"widget\" data-widget_type=\"image.default\">\n\t\t\t\t<div class=\"elementor-widget-container\">\n\t\t\t\t\t\t\t\t<div class=\"elementor-image\">\n\t\t\t\t\t\t\t\t\t\t\t\t<img src=\"https:\/\/museogcivilcampillo.es\/wp-content\/uploads\/2020\/12\/cartelacementerio.png\" title=\"cartelacementerio\" alt=\"cartelacementerio\" \/>\t\t\t\t\t\t\t\t\t\t\t\t\t\t<\/div>\n\t\t\t\t\t\t<\/div>\n\t\t\t\t<\/div>\n\t\t\t\t\t\t<\/div>\n\t\t\t\t\t<\/div>\n\t\t<\/div>\n\t\t\t\t\t\t\t\t<\/div>\n\t\t\t\t\t<\/div>\n\t\t<\/section>\n\t\t\t\t<section class=\"elementor-section elementor-top-section elementor-element elementor-element-k6l8nz2 elementor-section-boxed elementor-section-height-default elementor-section-height-default\" data-id=\"k6l8nz2\" data-element_type=\"section\">\n\t\t\t\t\t\t<div class=\"elementor-container elementor-column-gap-default\">\n\t\t\t\t\t\t\t<div class=\"elementor-row\">\n\t\t\t\t\t<div class=\"elementor-column elementor-col-66 elementor-top-column elementor-element elementor-element-4y117lt\" data-id=\"4y117lt\" data-element_type=\"column\">\n\t\t\t<div class=\"elementor-column-wrap elementor-element-populated\">\n\t\t\t\t\t\t\t<div class=\"elementor-widget-wrap\">\n\t\t\t\t\t\t<div class=\"elementor-element elementor-element-ymqwlzw elementor-widget elementor-widget-text-editor\" data-id=\"ymqwlzw\" data-element_type=\"widget\" data-widget_type=\"text-editor.default\">\n\t\t\t\t<div class=\"elementor-widget-container\">\n\t\t\t\t\t\t\t\t<div class=\"elementor-text-editor elementor-clearfix\">\n\t\t\t\t<p>El &#8220;Cementerio de los Italianos&#8221; fue creado en 1937 por el bando sublevado para dar sepultura a los fallecidos de la I Brigada Mixta Legionaria Flechas Azules, constituida por tropas espa\u00f1olas e italianas, en los combates de la primera batalla de la Sierra de Argall\u00e9n acaecida en junio de 1937.<\/p><p>La I Brigada Mixta Italo-espa\u00f1ola llamada &#8220;Flechas Azules&#8221;, &#8220;Frecce Azzurre&#8221; para los italianos, fue creada en febrero de 1937, estando integrada por oficiales y tropas italo-espa\u00f1olas y dirigida por el coronel Mario Guassardo Gusberti. La unidad tuvo una corta participaci\u00f3n en el Frente Extreme\u00f1o,\u00a0 desde abril a julio de 1937, pasando posteriormente al frente aragon\u00e9s.<\/p><p>\u00a0<strong>Seg\u00fan las \u00faltimas investigaciones, el total de miembros de las \u201cFlechas Azules\u201d inhumados en el cementerio de los \u201citalianos\u201d es de 69: 54 espa\u00f1oles, 12 italianos y 3 desconocidos.<\/strong><\/p><p>Despu\u00e9s de la marcha de los &#8220;Flechas Azules&#8221; a finales de julio de 1937, el cementerio sirvi\u00f3 para dar sepultura a otros soldados fallecidos en las operaciones militares posterioes que tuvieron lugar en esta zona del Frente Extreme\u00f1o.<\/p><p>Tras la finalizaci\u00f3n de la Guerra el cementerio cae en olvido hasta el a\u00f1o 2010, cuando el Ayun\u00adtamiento de Campillo de Llerena pone en valor este hist\u00f3rico lugar a trav\u00e9s de su\u00a0<a href=\"http:\/\/museogcivilcampillo.es\/?page_id=915\" target=\"_blank\" rel=\"noopener\">restauraci\u00f3n y su investigaci\u00f3n\u00a0<\/a>mediante una excavaci\u00f3n arqueo\u00adl\u00f3gica que cont\u00f3 con el apoyo y direcci\u00f3n del PREMHEX (Proyecto para la Recuperaci\u00f3n de la Memoria Hist\u00f3rica de Extremadura).<\/p><p>Seg\u00fan la documentaci\u00f3n existente en el archivo municipal de Campillo de Llerena, los soldados inhumados en el cementerio militar de Campillo de Llerena proceden de las operaciones del mes de Junio de 1937, de la citada batalla de Sierra Argall\u00e9n, de la segunda batalla de Sierra de Argall\u00e9n, en febrero de 1938, y de las operaciones realizadas en enero de 1939 en el sector de Peraleda del Zaucejo asociadas a la Batalla de Valsequillo.<\/p><p><strong>En su conjunto, fueron enterrados en este cementerio militar 295 hombres del bando sublevado: 2 capitanes, 7 tenientes, 13 alfereces, 16 sargentos, 13 cabos y 243 soldados.<\/strong><\/p><p>En el t\u00famulo central, se encuentra la lapida, donde podemos leer el siguiente texto:<\/p><p style=\"text-align: center;\"><em>&#8220;Deposita una flor y eleva una oraci\u00f3n por los soldados espa\u00f1oles y legionarios italianos de la brigada &#8221; Flechas azules &#8221; que heroicamente cayeron por Espa\u00f1a y la civilizaci\u00f3n mundial.<\/em><br \/><em> Junio 1.937 1\u00ba A\u00f1o triunfal&#8221;<\/em><\/p><p>Ninguna de las v\u00edctimas que quedan all\u00ed es italiana,\u00a0 los cuerpos de los <em>flechas azules<\/em> fueron trasladados durante el franquismo al osario de San Antonio de Padua en Zaragoza.<\/p><p>La rehabilitaci\u00f3n de este cementerio ha tenido como fin <strong>la creaci\u00f3n de un espacio para el recuerdo y reconciliaci\u00f3n de las victimas de ambos bandos<\/strong>.<\/p><p>El an\u00e1lisis de este singular cementerio ha aportado importantes conocimientos sobre el trato dado por el ej\u00e9rcito del General Franco a los muertos en combate, sobre la participaci\u00f3n italiana en apoyo de ese ej\u00e9rcito o los enseres y materiales encontrados que nos dan una idea de la vida del soldado en la trinchera. Y lo m\u00e1s importante, su visita, constituye una escala obligatoria por el recorrido de los &#8220;Lugares de Memoria&#8221; en una comarca, que se convirti\u00f3 en escenario del Frente Extreme\u00f1o.<\/p>\t\t\t\t\t<\/div>\n\t\t\t\t\t\t<\/div>\n\t\t\t\t<\/div>\n\t\t\t\t<div class=\"elementor-element elementor-element-emnb089 elementor-widget elementor-widget-text-editor\" data-id=\"emnb089\" data-element_type=\"widget\" data-widget_type=\"text-editor.default\">\n\t\t\t\t<div class=\"elementor-widget-container\">\n\t\t\t\t\t\t\t\t<div class=\"elementor-text-editor elementor-clearfix\">\n\t\t\t\t<p><strong>El Cementerio de los Italianos cuentan con detallados paneles explicativos<\/strong> que informan de su historia, las formas de enterramiento, los resultados de los trabajos de investigaci\u00f3n realizados y el sentido con el que ha sido restaurado este cementerio.<\/p>\t\t\t\t\t<\/div>\n\t\t\t\t\t\t<\/div>\n\t\t\t\t<\/div>\n\t\t\t\t<div class=\"elementor-element elementor-element-s9kzmhj eael-creative-button-align-center elementor-widget elementor-widget-eael-creative-button\" data-id=\"s9kzmhj\" data-element_type=\"widget\" data-widget_type=\"eael-creative-button.default\">\n\t\t\t\t<div class=\"elementor-widget-container\">\n\t\t\t\n\n<a id=\"eael-creative-button-s9kzmhj\" class=\"eael-creative-button eael-creative-button--default\"\n    href=\"http:\/\/museogcivilcampillo.es\/?page_id=97\" target=\"_self\" data-text=\"\">\n\t<span>\n\t\t\n\t\tHorarios y visita\n\t\t\t<\/span>\n<\/a>\n\n<style type=\"text\/css\">\n\n\ta#eael-creative-button-s9kzmhj {\n\t    color: #663300;\n\t    padding: 15px 0px 15px 0px;\n\t    background-color: #ffffff;\n\t}\n\n\ta#eael-creative-button-s9kzmhj:hover {\n\t    color: #ffffff;\n\t    background-color: #633300;\n\t}\n\n\n\n\n\n<\/style>\n\n\n\t\t\t<\/div>\n\t\t\t\t<\/div>\n\t\t\t\t\t\t<\/div>\n\t\t\t\t\t<\/div>\n\t\t<\/div>\n\t\t\t\t<div class=\"elementor-column elementor-col-33 elementor-top-column elementor-element elementor-element-mcs0su9\" data-id=\"mcs0su9\" data-element_type=\"column\">\n\t\t\t<div class=\"elementor-column-wrap elementor-element-populated\">\n\t\t\t\t\t\t\t<div class=\"elementor-widget-wrap\">\n\t\t\t\t\t\t<div class=\"elementor-element elementor-element-xhgwibk elementor-widget elementor-widget-spacer\" data-id=\"xhgwibk\" data-element_type=\"widget\" data-widget_type=\"spacer.default\">\n\t\t\t\t<div class=\"elementor-widget-container\">\n\t\t\t\t\t<div class=\"elementor-spacer\">\n\t\t\t<div class=\"elementor-spacer-inner\"><\/div>\n\t\t<\/div>\n\t\t\t\t<\/div>\n\t\t\t\t<\/div>\n\t\t\t\t<div class=\"elementor-element elementor-element-n6br0t5 elementor-widget elementor-widget-image\" data-id=\"n6br0t5\" data-element_type=\"widget\" data-widget_type=\"image.default\">\n\t\t\t\t<div class=\"elementor-widget-container\">\n\t\t\t\t\t\t\t\t<div class=\"elementor-image\">\n\t\t\t\t\t\t\t\t\t<figure class=\"wp-caption\">\n\t\t\t\t\t\t\t\t\t\t\t<a href=\"http:\/\/museogcivilcampillo.es\/wp-content\/uploads\/2017\/07\/plano-actual-cementerio-1.jpg\" data-elementor-open-lightbox=\"yes\" data-elementor-lightbox-title=\"Cementerio de los Italianos - Evoluci\u00f3n y estado actual\">\n\t\t\t\t\t\t\t<img width=\"720\" height=\"527\" src=\"https:\/\/museogcivilcampillo.es\/wp-content\/uploads\/2017\/07\/plano-actual-cementerio-1-1024x750.jpg\" class=\"attachment-large size-large\" alt=\"\" loading=\"lazy\" srcset=\"https:\/\/museogcivilcampillo.es\/wp-content\/uploads\/2017\/07\/plano-actual-cementerio-1-1024x750.jpg 1024w, https:\/\/museogcivilcampillo.es\/wp-content\/uploads\/2017\/07\/plano-actual-cementerio-1-300x220.jpg 300w, https:\/\/museogcivilcampillo.es\/wp-content\/uploads\/2017\/07\/plano-actual-cementerio-1-768x562.jpg 768w, https:\/\/museogcivilcampillo.es\/wp-content\/uploads\/2017\/07\/plano-actual-cementerio-1-800x586.jpg 800w, https:\/\/museogcivilcampillo.es\/wp-content\/uploads\/2017\/07\/plano-actual-cementerio-1.jpg 1500w\" sizes=\"(max-width: 720px) 100vw, 720px\" \/>\t\t\t\t\t\t\t\t<\/a>\n\t\t\t\t\t\t\t\t\t\t\t<figcaption class=\"widget-image-caption wp-caption-text\">Plano actual Cementerio de los Italianos<\/figcaption>\n\t\t\t\t\t\t\t\t\t\t<\/figure>\n\t\t\t\t\t\t\t\t<\/div>\n\t\t\t\t\t\t<\/div>\n\t\t\t\t<\/div>\n\t\t\t\t<div class=\"elementor-element elementor-element-d5xw2pj elementor-widget elementor-widget-spacer\" data-id=\"d5xw2pj\" data-element_type=\"widget\" data-widget_type=\"spacer.default\">\n\t\t\t\t<div class=\"elementor-widget-container\">\n\t\t\t\t\t<div class=\"elementor-spacer\">\n\t\t\t<div class=\"elementor-spacer-inner\"><\/div>\n\t\t<\/div>\n\t\t\t\t<\/div>\n\t\t\t\t<\/div>\n\t\t\t\t<div class=\"elementor-element elementor-element-v1xhf5l elementor-widget elementor-widget-heading\" data-id=\"v1xhf5l\" data-element_type=\"widget\" data-widget_type=\"heading.default\">\n\t\t\t\t<div class=\"elementor-widget-container\">\n\t\t\t<h4 class=\"elementor-heading-title elementor-size-default\">Galer\u00eda de im\u00e1genes<\/h4>\t\t<\/div>\n\t\t\t\t<\/div>\n\t\t\t\t<div class=\"elementor-element elementor-element-sqbzu8k elementor-widget elementor-widget-text-editor\" data-id=\"sqbzu8k\" data-element_type=\"widget\" data-widget_type=\"text-editor.default\">\n\t\t\t\t<div class=\"elementor-widget-container\">\n\t\t\t\t\t\t\t\t<div class=\"elementor-text-editor elementor-clearfix\">\n\t\t\t\t<p><div id=\"envira-gallery-wrap-1008\" class=\"envira-gallery-wrap envira-gallery-theme-base envira-lightbox-theme-base\" itemscope itemtype=\"https:\/\/schema.org\/ImageGallery\"><div data-row-height=\"\" data-gallery-theme=\"\" id=\"envira-gallery-1008\" class=\"envira-gallery-public  envira-gallery-2-columns envira-clear enviratope envira-gallery-css-animations\" data-envira-columns=\"2\"><div id=\"envira-gallery-item-406\" class=\"envira-gallery-item enviratope-item envira-gallery-item-1 envira-lazy-load\" style=\"padding-left: 5px; padding-bottom: 10px; padding-right: 5px;\"  itemscope itemtype=\"https:\/\/schema.org\/ImageObject\"><div class=\"envira-gallery-item-inner\"><div class=\"envira-gallery-position-overlay  envira-gallery-top-left\"><\/div><div class=\"envira-gallery-position-overlay  envira-gallery-top-right\"><\/div><div class=\"envira-gallery-position-overlay  envira-gallery-bottom-left\"><\/div><div class=\"envira-gallery-position-overlay  envira-gallery-bottom-right\"><\/div><a href=\"http:\/\/museogcivilcampillo.es\/wp-content\/uploads\/2017\/08\/DSCF0528.jpg\" class=\"envira-gallery-1008 envira-gallery-link\" rel=\"enviragallery1008\" title=\"\" data-envira-caption=\"\" data-envira-retina=\"\" data-thumbnail=\"\"  itemprop=\"contentUrl\"><div class=\"envira-lazy\" data-test-width=\"640\" data-test-height=\"480\" style=\"padding-bottom:75%;\"><img id=\"envira-gallery-image-406\" class=\"envira-gallery-image envira-gallery-image-1\" data-envira-index=\"1\" src=\"https:\/\/museogcivilcampillo.es\/wp-content\/uploads\/2017\/08\/DSCF0528-800x600-640x480.jpg\" data-envira-src=\"https:\/\/museogcivilcampillo.es\/wp-content\/uploads\/2017\/08\/DSCF0528-800x600-640x480.jpg\" data-envira-gallery-id=\"1008\" data-envira-item-id=\"406\" data-envira-caption=\"\" alt=\"\" title=\"\"  itemprop=\"thumbnailUrl\" data-envira-srcset=\"https:\/\/museogcivilcampillo.es\/wp-content\/uploads\/2017\/08\/DSCF0528-800x600-640x480.jpg 400w,https:\/\/museogcivilcampillo.es\/wp-content\/uploads\/2017\/08\/DSCF0528-800x600-640x480.jpg 2x\" srcset=\"data:image\/gif;base64,R0lGODlhAQABAIAAAP\/\/\/\/\/\/\/yH5BAEKAAEALAAAAAABAAEAAAICTAEAOw==\" \/><\/div><\/a><\/div><\/div><div id=\"envira-gallery-item-405\" class=\"envira-gallery-item enviratope-item envira-gallery-item-2 envira-lazy-load\" style=\"padding-left: 5px; padding-bottom: 10px; padding-right: 5px;\"  itemscope itemtype=\"https:\/\/schema.org\/ImageObject\"><div class=\"envira-gallery-item-inner\"><div class=\"envira-gallery-position-overlay  envira-gallery-top-left\"><\/div><div class=\"envira-gallery-position-overlay  envira-gallery-top-right\"><\/div><div class=\"envira-gallery-position-overlay  envira-gallery-bottom-left\"><\/div><div class=\"envira-gallery-position-overlay  envira-gallery-bottom-right\"><\/div><a href=\"http:\/\/museogcivilcampillo.es\/wp-content\/uploads\/2017\/08\/DSC09488-1.jpg\" class=\"envira-gallery-1008 envira-gallery-link\" rel=\"enviragallery1008\" title=\"\" data-envira-caption=\"\" data-envira-retina=\"\" data-thumbnail=\"\"  itemprop=\"contentUrl\"><div class=\"envira-lazy\" data-test-width=\"640\" data-test-height=\"480\" style=\"padding-bottom:75%;\"><img id=\"envira-gallery-image-405\" class=\"envira-gallery-image envira-gallery-image-2\" data-envira-index=\"2\" src=\"https:\/\/museogcivilcampillo.es\/wp-content\/uploads\/2017\/08\/DSC09488-1-800x600-640x480.jpg\" data-envira-src=\"https:\/\/museogcivilcampillo.es\/wp-content\/uploads\/2017\/08\/DSC09488-1-800x600-640x480.jpg\" data-envira-gallery-id=\"1008\" data-envira-item-id=\"405\" data-envira-caption=\"\" alt=\"\" title=\"\"  itemprop=\"thumbnailUrl\" data-envira-srcset=\"https:\/\/museogcivilcampillo.es\/wp-content\/uploads\/2017\/08\/DSC09488-1-800x600-640x480.jpg 400w,https:\/\/museogcivilcampillo.es\/wp-content\/uploads\/2017\/08\/DSC09488-1-800x600-640x480.jpg 2x\" srcset=\"data:image\/gif;base64,R0lGODlhAQABAIAAAP\/\/\/\/\/\/\/yH5BAEKAAEALAAAAAABAAEAAAICTAEAOw==\" \/><\/div><\/a><\/div><\/div><div id=\"envira-gallery-item-404\" class=\"envira-gallery-item enviratope-item envira-gallery-item-3 envira-lazy-load\" style=\"padding-left: 5px; padding-bottom: 10px; padding-right: 5px;\"  itemscope itemtype=\"https:\/\/schema.org\/ImageObject\"><div class=\"envira-gallery-item-inner\"><div class=\"envira-gallery-position-overlay  envira-gallery-top-left\"><\/div><div class=\"envira-gallery-position-overlay  envira-gallery-top-right\"><\/div><div class=\"envira-gallery-position-overlay  envira-gallery-bottom-left\"><\/div><div class=\"envira-gallery-position-overlay  envira-gallery-bottom-right\"><\/div><a href=\"http:\/\/museogcivilcampillo.es\/wp-content\/uploads\/2017\/08\/DSC0948858.jpg\" class=\"envira-gallery-1008 envira-gallery-link\" rel=\"enviragallery1008\" title=\"\" data-envira-caption=\"\" data-envira-retina=\"\" data-thumbnail=\"\"  itemprop=\"contentUrl\"><div class=\"envira-lazy\" data-test-width=\"640\" data-test-height=\"480\" style=\"padding-bottom:75%;\"><img id=\"envira-gallery-image-404\" class=\"envira-gallery-image envira-gallery-image-3\" data-envira-index=\"3\" src=\"https:\/\/museogcivilcampillo.es\/wp-content\/uploads\/2017\/08\/DSC0948858-800x600-640x480.jpg\" data-envira-src=\"https:\/\/museogcivilcampillo.es\/wp-content\/uploads\/2017\/08\/DSC0948858-800x600-640x480.jpg\" data-envira-gallery-id=\"1008\" data-envira-item-id=\"404\" data-envira-caption=\"\" alt=\"\" title=\"\"  itemprop=\"thumbnailUrl\" data-envira-srcset=\"https:\/\/museogcivilcampillo.es\/wp-content\/uploads\/2017\/08\/DSC0948858-800x600-640x480.jpg 400w,https:\/\/museogcivilcampillo.es\/wp-content\/uploads\/2017\/08\/DSC0948858-800x600-640x480.jpg 2x\" srcset=\"data:image\/gif;base64,R0lGODlhAQABAIAAAP\/\/\/\/\/\/\/yH5BAEKAAEALAAAAAABAAEAAAICTAEAOw==\" \/><\/div><\/a><\/div><\/div><div id=\"envira-gallery-item-408\" class=\"envira-gallery-item enviratope-item envira-gallery-item-4 envira-lazy-load\" style=\"padding-left: 5px; padding-bottom: 10px; padding-right: 5px;\"  itemscope itemtype=\"https:\/\/schema.org\/ImageObject\"><div class=\"envira-gallery-item-inner\"><div class=\"envira-gallery-position-overlay  envira-gallery-top-left\"><\/div><div class=\"envira-gallery-position-overlay  envira-gallery-top-right\"><\/div><div class=\"envira-gallery-position-overlay  envira-gallery-bottom-left\"><\/div><div class=\"envira-gallery-position-overlay  envira-gallery-bottom-right\"><\/div><a href=\"http:\/\/museogcivilcampillo.es\/wp-content\/uploads\/2017\/08\/DSCF0525.jpg\" class=\"envira-gallery-1008 envira-gallery-link\" rel=\"enviragallery1008\" title=\"\" data-envira-caption=\"\" data-envira-retina=\"\" data-thumbnail=\"\"  itemprop=\"contentUrl\"><div class=\"envira-lazy\" data-test-width=\"640\" data-test-height=\"480\" style=\"padding-bottom:75%;\"><img id=\"envira-gallery-image-408\" class=\"envira-gallery-image envira-gallery-image-4\" data-envira-index=\"4\" src=\"https:\/\/museogcivilcampillo.es\/wp-content\/uploads\/2017\/08\/DSCF0525-800x600-640x480.jpg\" data-envira-src=\"https:\/\/museogcivilcampillo.es\/wp-content\/uploads\/2017\/08\/DSCF0525-800x600-640x480.jpg\" data-envira-gallery-id=\"1008\" data-envira-item-id=\"408\" data-envira-caption=\"\" alt=\"\" title=\"\"  itemprop=\"thumbnailUrl\" data-envira-srcset=\"https:\/\/museogcivilcampillo.es\/wp-content\/uploads\/2017\/08\/DSCF0525-800x600-640x480.jpg 400w,https:\/\/museogcivilcampillo.es\/wp-content\/uploads\/2017\/08\/DSCF0525-800x600-640x480.jpg 2x\" srcset=\"data:image\/gif;base64,R0lGODlhAQABAIAAAP\/\/\/\/\/\/\/yH5BAEKAAEALAAAAAABAAEAAAICTAEAOw==\" \/><\/div><\/a><\/div><\/div><div id=\"envira-gallery-item-409\" class=\"envira-gallery-item enviratope-item envira-gallery-item-5 envira-lazy-load\" style=\"padding-left: 5px; padding-bottom: 10px; padding-right: 5px;\"  itemscope itemtype=\"https:\/\/schema.org\/ImageObject\"><div class=\"envira-gallery-item-inner\"><div class=\"envira-gallery-position-overlay  envira-gallery-top-left\"><\/div><div class=\"envira-gallery-position-overlay  envira-gallery-top-right\"><\/div><div class=\"envira-gallery-position-overlay  envira-gallery-bottom-left\"><\/div><div class=\"envira-gallery-position-overlay  envira-gallery-bottom-right\"><\/div><a href=\"http:\/\/museogcivilcampillo.es\/wp-content\/uploads\/2017\/08\/DSC09458.jpg\" class=\"envira-gallery-1008 envira-gallery-link\" rel=\"enviragallery1008\" title=\"\" data-envira-caption=\"\" data-envira-retina=\"\" data-thumbnail=\"\"  itemprop=\"contentUrl\"><div class=\"envira-lazy\" data-test-width=\"640\" data-test-height=\"480\" style=\"padding-bottom:75%;\"><img id=\"envira-gallery-image-409\" class=\"envira-gallery-image envira-gallery-image-5\" data-envira-index=\"5\" src=\"https:\/\/museogcivilcampillo.es\/wp-content\/uploads\/2017\/08\/DSC09458-800x600-640x480.jpg\" data-envira-src=\"https:\/\/museogcivilcampillo.es\/wp-content\/uploads\/2017\/08\/DSC09458-800x600-640x480.jpg\" data-envira-gallery-id=\"1008\" data-envira-item-id=\"409\" data-envira-caption=\"\" alt=\"\" title=\"\"  itemprop=\"thumbnailUrl\" data-envira-srcset=\"https:\/\/museogcivilcampillo.es\/wp-content\/uploads\/2017\/08\/DSC09458-800x600-640x480.jpg 400w,https:\/\/museogcivilcampillo.es\/wp-content\/uploads\/2017\/08\/DSC09458-800x600-640x480.jpg 2x\" srcset=\"data:image\/gif;base64,R0lGODlhAQABAIAAAP\/\/\/\/\/\/\/yH5BAEKAAEALAAAAAABAAEAAAICTAEAOw==\" \/><\/div><\/a><\/div><\/div><div id=\"envira-gallery-item-407\" class=\"envira-gallery-item enviratope-item envira-gallery-item-6 envira-lazy-load\" style=\"padding-left: 5px; padding-bottom: 10px; padding-right: 5px;\"  itemscope itemtype=\"https:\/\/schema.org\/ImageObject\"><div class=\"envira-gallery-item-inner\"><div class=\"envira-gallery-position-overlay  envira-gallery-top-left\"><\/div><div class=\"envira-gallery-position-overlay  envira-gallery-top-right\"><\/div><div class=\"envira-gallery-position-overlay  envira-gallery-bottom-left\"><\/div><div class=\"envira-gallery-position-overlay  envira-gallery-bottom-right\"><\/div><a href=\"http:\/\/museogcivilcampillo.es\/wp-content\/uploads\/2017\/08\/DSCF0536.jpg\" class=\"envira-gallery-1008 envira-gallery-link\" rel=\"enviragallery1008\" title=\"\" data-envira-caption=\"\" data-envira-retina=\"\" data-thumbnail=\"\"  itemprop=\"contentUrl\"><div class=\"envira-lazy\" data-test-width=\"640\" data-test-height=\"480\" style=\"padding-bottom:75%;\"><img id=\"envira-gallery-image-407\" class=\"envira-gallery-image envira-gallery-image-6\" data-envira-index=\"6\" src=\"https:\/\/museogcivilcampillo.es\/wp-content\/uploads\/2017\/08\/DSCF0536-800x600-640x480.jpg\" data-envira-src=\"https:\/\/museogcivilcampillo.es\/wp-content\/uploads\/2017\/08\/DSCF0536-800x600-640x480.jpg\" data-envira-gallery-id=\"1008\" data-envira-item-id=\"407\" data-envira-caption=\"\" alt=\"\" title=\"\"  itemprop=\"thumbnailUrl\" data-envira-srcset=\"https:\/\/museogcivilcampillo.es\/wp-content\/uploads\/2017\/08\/DSCF0536-800x600-640x480.jpg 400w,https:\/\/museogcivilcampillo.es\/wp-content\/uploads\/2017\/08\/DSCF0536-800x600-640x480.jpg 2x\" srcset=\"data:image\/gif;base64,R0lGODlhAQABAIAAAP\/\/\/\/\/\/\/yH5BAEKAAEALAAAAAABAAEAAAICTAEAOw==\" \/><\/div><\/a><\/div><\/div><div id=\"envira-gallery-item-403\" class=\"envira-gallery-item enviratope-item envira-gallery-item-7 envira-lazy-load\" style=\"padding-left: 5px; padding-bottom: 10px; padding-right: 5px;\"  itemscope itemtype=\"https:\/\/schema.org\/ImageObject\"><div class=\"envira-gallery-item-inner\"><div class=\"envira-gallery-position-overlay  envira-gallery-top-left\"><\/div><div class=\"envira-gallery-position-overlay  envira-gallery-top-right\"><\/div><div class=\"envira-gallery-position-overlay  envira-gallery-bottom-left\"><\/div><div class=\"envira-gallery-position-overlay  envira-gallery-bottom-right\"><\/div><a href=\"http:\/\/museogcivilcampillo.es\/wp-content\/uploads\/2017\/08\/DSC05544.jpg\" class=\"envira-gallery-1008 envira-gallery-link\" rel=\"enviragallery1008\" title=\"\" data-envira-caption=\"\" data-envira-retina=\"\" data-thumbnail=\"\"  itemprop=\"contentUrl\"><div class=\"envira-lazy\" data-test-width=\"640\" data-test-height=\"480\" style=\"padding-bottom:75%;\"><img id=\"envira-gallery-image-403\" class=\"envira-gallery-image envira-gallery-image-7\" data-envira-index=\"7\" src=\"https:\/\/museogcivilcampillo.es\/wp-content\/uploads\/2017\/08\/DSC05544-800x600-640x480.jpg\" data-envira-src=\"https:\/\/museogcivilcampillo.es\/wp-content\/uploads\/2017\/08\/DSC05544-800x600-640x480.jpg\" data-envira-gallery-id=\"1008\" data-envira-item-id=\"403\" data-envira-caption=\"\" alt=\"\" title=\"\"  itemprop=\"thumbnailUrl\" data-envira-srcset=\"https:\/\/museogcivilcampillo.es\/wp-content\/uploads\/2017\/08\/DSC05544-800x600-640x480.jpg 400w,https:\/\/museogcivilcampillo.es\/wp-content\/uploads\/2017\/08\/DSC05544-800x600-640x480.jpg 2x\" srcset=\"data:image\/gif;base64,R0lGODlhAQABAIAAAP\/\/\/\/\/\/\/yH5BAEKAAEALAAAAAABAAEAAAICTAEAOw==\" \/><\/div><\/a><\/div><\/div><div id=\"envira-gallery-item-410\" class=\"envira-gallery-item enviratope-item envira-gallery-item-8 envira-lazy-load\" style=\"padding-left: 5px; padding-bottom: 10px; padding-right: 5px;\"  itemscope itemtype=\"https:\/\/schema.org\/ImageObject\"><div class=\"envira-gallery-item-inner\"><div class=\"envira-gallery-position-overlay  envira-gallery-top-left\"><\/div><div class=\"envira-gallery-position-overlay  envira-gallery-top-right\"><\/div><div class=\"envira-gallery-position-overlay  envira-gallery-bottom-left\"><\/div><div class=\"envira-gallery-position-overlay  envira-gallery-bottom-right\"><\/div><a href=\"http:\/\/museogcivilcampillo.es\/wp-content\/uploads\/2017\/08\/DSC05563.jpg\" class=\"envira-gallery-1008 envira-gallery-link\" rel=\"enviragallery1008\" title=\"\" data-envira-caption=\"\" data-envira-retina=\"\" data-thumbnail=\"\"  itemprop=\"contentUrl\"><div class=\"envira-lazy\" data-test-width=\"640\" data-test-height=\"480\" style=\"padding-bottom:75%;\"><img id=\"envira-gallery-image-410\" class=\"envira-gallery-image envira-gallery-image-8\" data-envira-index=\"8\" src=\"https:\/\/museogcivilcampillo.es\/wp-content\/uploads\/2017\/08\/DSC05563-800x600-640x480.jpg\" data-envira-src=\"https:\/\/museogcivilcampillo.es\/wp-content\/uploads\/2017\/08\/DSC05563-800x600-640x480.jpg\" data-envira-gallery-id=\"1008\" data-envira-item-id=\"410\" data-envira-caption=\"\" alt=\"\" title=\"\"  itemprop=\"thumbnailUrl\" data-envira-srcset=\"https:\/\/museogcivilcampillo.es\/wp-content\/uploads\/2017\/08\/DSC05563-800x600-640x480.jpg 400w,https:\/\/museogcivilcampillo.es\/wp-content\/uploads\/2017\/08\/DSC05563-800x600-640x480.jpg 2x\" srcset=\"data:image\/gif;base64,R0lGODlhAQABAIAAAP\/\/\/\/\/\/\/yH5BAEKAAEALAAAAAABAAEAAAICTAEAOw==\" \/><\/div><\/a><\/div><\/div><\/div><\/div><noscript><img src=\"https:\/\/museogcivilcampillo.es\/wp-content\/uploads\/2017\/08\/DSCF0528.jpg\" alt=\"\" \/><img src=\"https:\/\/museogcivilcampillo.es\/wp-content\/uploads\/2017\/08\/DSC09488-1.jpg\" alt=\"\" \/><img src=\"https:\/\/museogcivilcampillo.es\/wp-content\/uploads\/2017\/08\/DSC0948858.jpg\" alt=\"\" \/><img src=\"https:\/\/museogcivilcampillo.es\/wp-content\/uploads\/2017\/08\/DSCF0525.jpg\" alt=\"\" \/><img src=\"https:\/\/museogcivilcampillo.es\/wp-content\/uploads\/2017\/08\/DSC09458.jpg\" alt=\"\" \/><img src=\"https:\/\/museogcivilcampillo.es\/wp-content\/uploads\/2017\/08\/DSCF0536.jpg\" alt=\"\" \/><img src=\"https:\/\/museogcivilcampillo.es\/wp-content\/uploads\/2017\/08\/DSC05544.jpg\" alt=\"\" \/><img src=\"https:\/\/museogcivilcampillo.es\/wp-content\/uploads\/2017\/08\/DSC05563.jpg\" alt=\"\" \/><\/noscript><\/p>\t\t\t\t\t<\/div>\n\t\t\t\t\t\t<\/div>\n\t\t\t\t<\/div>\n\t\t\t\t\t\t<\/div>\n\t\t\t\t\t<\/div>\n\t\t<\/div>\n\t\t\t\t\t\t\t\t<\/div>\n\t\t\t\t\t<\/div>\n\t\t<\/section>\n\t\t\t\t\t\t<\/div>\n\t\t\t\t\t\t<\/div>\n\t\t\t\t\t<\/div>\n\t\t","protected":false},"excerpt":{"rendered":"<p>El &#8220;Cementerio de los Italianos&#8221; fue creado en 1937 por el bando sublevado para dar sepultura a los fallecidos de la I Brigada Mixta Legionaria Flechas Azules, constituida por tropas espa\u00f1olas e italianas, en los combates de la primera batalla de la Sierra de Argall\u00e9n acaecida en junio de 1937. La I Brigada Mixta Italo-espa\u00f1ola [&hellip;]<\/p>\n","protected":false},"author":1,"featured_media":0,"parent":0,"menu_order":0,"comment_status":"closed","ping_status":"closed","template":"","meta":{"ngg_post_thumbnail":0},"_links":{"self":[{"href":"https:\/\/museogcivilcampillo.es\/index.php?rest_route=\/wp\/v2\/pages\/91"}],"collection":[{"href":"https:\/\/museogcivilcampillo.es\/index.php?rest_route=\/wp\/v2\/pages"}],"about":[{"href":"https:\/\/museogcivilcampillo.es\/index.php?rest_route=\/wp\/v2\/types\/page"}],"author":[{"embeddable":true,"href":"https:\/\/museogcivilcampillo.es\/index.php?rest_route=\/wp\/v2\/users\/1"}],"replies":[{"embeddable":true,"href":"https:\/\/museogcivilcampillo.es\/index.php?rest_route=%2Fwp%2Fv2%2Fcomments&post=91"}],"version-history":[{"count":114,"href":"https:\/\/museogcivilcampillo.es\/index.php?rest_route=\/wp\/v2\/pages\/91\/revisions"}],"predecessor-version":[{"id":1458,"href":"https:\/\/museogcivilcampillo.es\/index.php?rest_route=\/wp\/v2\/pages\/91\/revisions\/1458"}],"wp:attachment":[{"href":"https:\/\/museogcivilcampillo.es\/index.php?rest_route=%2Fwp%2Fv2%2Fmedia&parent=91"}],"curies":[{"name":"wp","href":"https:\/\/api.w.org\/{rel}","templated":true}]}}