{"id":93,"date":"2017-07-18T19:55:12","date_gmt":"2017-07-18T19:55:12","guid":{"rendered":"http:\/\/museogcivilcampillo.es\/?page_id=93"},"modified":"2020-12-30T15:28:32","modified_gmt":"2020-12-30T15:28:32","slug":"el-museo","status":"publish","type":"page","link":"https:\/\/museogcivilcampillo.es\/?page_id=93","title":{"rendered":"Colecci\u00f3n museogr\u00e1fica"},"content":{"rendered":"\t\t<div data-elementor-type=\"wp-post\" data-elementor-id=\"93\" class=\"elementor elementor-93\" data-elementor-settings=\"[]\">\n\t\t\t\t\t\t<div class=\"elementor-inner\">\n\t\t\t\t\t\t\t<div class=\"elementor-section-wrap\">\n\t\t\t\t\t\t\t<section class=\"elementor-section elementor-top-section elementor-element elementor-element-2x8celx elementor-section-boxed elementor-section-height-default elementor-section-height-default\" data-id=\"2x8celx\" data-element_type=\"section\">\n\t\t\t\t\t\t<div class=\"elementor-container elementor-column-gap-default\">\n\t\t\t\t\t\t\t<div class=\"elementor-row\">\n\t\t\t\t\t<div class=\"elementor-column elementor-col-100 elementor-top-column elementor-element elementor-element-rj4u241\" data-id=\"rj4u241\" data-element_type=\"column\">\n\t\t\t<div class=\"elementor-column-wrap elementor-element-populated\">\n\t\t\t\t\t\t\t<div class=\"elementor-widget-wrap\">\n\t\t\t\t\t\t<div class=\"elementor-element elementor-element-rwy32qz elementor-widget elementor-widget-image\" data-id=\"rwy32qz\" data-element_type=\"widget\" data-widget_type=\"image.default\">\n\t\t\t\t<div class=\"elementor-widget-container\">\n\t\t\t\t\t\t\t\t<div class=\"elementor-image\">\n\t\t\t\t\t\t\t\t\t\t\t\t<img src=\"https:\/\/museogcivilcampillo.es\/wp-content\/uploads\/2020\/12\/cartelamuseo-1.png\" title=\"cartelamuseo\" alt=\"cartelamuseo\" \/>\t\t\t\t\t\t\t\t\t\t\t\t\t\t<\/div>\n\t\t\t\t\t\t<\/div>\n\t\t\t\t<\/div>\n\t\t\t\t\t\t<\/div>\n\t\t\t\t\t<\/div>\n\t\t<\/div>\n\t\t\t\t\t\t\t\t<\/div>\n\t\t\t\t\t<\/div>\n\t\t<\/section>\n\t\t\t\t<section class=\"elementor-section elementor-top-section elementor-element elementor-element-a8ebm48 elementor-section-boxed elementor-section-height-default elementor-section-height-default\" data-id=\"a8ebm48\" data-element_type=\"section\">\n\t\t\t\t\t\t<div class=\"elementor-container elementor-column-gap-default\">\n\t\t\t\t\t\t\t<div class=\"elementor-row\">\n\t\t\t\t\t<div class=\"elementor-column elementor-col-66 elementor-top-column elementor-element elementor-element-oosmbmo\" data-id=\"oosmbmo\" data-element_type=\"column\">\n\t\t\t<div class=\"elementor-column-wrap elementor-element-populated\">\n\t\t\t\t\t\t\t<div class=\"elementor-widget-wrap\">\n\t\t\t\t\t\t<div class=\"elementor-element elementor-element-bhmhnc0 elementor-widget elementor-widget-text-editor\" data-id=\"bhmhnc0\" data-element_type=\"widget\" data-widget_type=\"text-editor.default\">\n\t\t\t\t<div class=\"elementor-widget-container\">\n\t\t\t\t\t\t\t\t<div class=\"elementor-text-editor elementor-clearfix\">\n\t\t\t\t<p>La Colecci\u00f3n Museogr\u00e1fica de la Guerra Civil de Campillo de Llerena les da la bienvenida y les ofrece los restos recuperados en las excavaciones arqueol\u00f3gicas del Cementerio de Guerra de los Italianos, de una posici\u00f3n militar del bando sublevado del frente en la zona y, adem\u00e1s, de otras piezas originales cedidas por el vecindario de la localidad o adquiridas por el Ayuntamiento de Campillo de Llerena. Vestigios que les acercaran a la vida en el cercano frente de batalla, a la experiencia de las trincheras en este sector del Frente Extreme\u00f1o.<\/p>\n<p>La colecci\u00f3n museogr\u00e1fica consta tres \u00e1reas expositivas principales.<\/p>\n<p>Se inicia la visita en nuestro espacio multifuncional de acogida, formado por:<\/p>\n<ul>\n<li>Sala de audiovisuales.<\/li>\n<li>Primera zona expositiva, dedicada a una introducci\u00f3n a la Guerra Civil Espa\u00f1ola: ej\u00e9rcitos, armamento, mapas,\u2026 Con una cuidada, completa y detallada informaci\u00f3n.<\/li>\n<li>Biblioteca.<\/li>\n<\/ul>\n<p>En segundo lugar, pasamos al edificio principal, el \u201cBunker\u201d, que contiene la Colecci\u00f3n Museogr\u00e1fica propiamente dicha, siendo el \u00e1rea expositiva dedicada a la Guerra Civil en Campillo de Llerena:<\/p>\n<ul>\n<li>El Frente Extreme\u00f1o.<\/li>\n<li>El Cementerio de los Italianos.<\/li>\n<li>Tropas en un frente olvidado.<\/li>\n<li>Exposiciones temporales.<\/li>\n<\/ul>\n<p>Finalmente, la tercera zona expositiva, ubicada en el exterior, formada por una r\u00e9plica de una trinchera y un nido de ametralladora, a imagen y semejanza de las que se establecieron en el frente, donde podr\u00e1n sumergirse por aquellos espacios, protagonistas de la vida de cientos de soldados.). En este espacio se hablar\u00e1 de la fortificaci\u00f3n en la Guerra Civil y se dar\u00e1n conceptos b\u00e1sicos para comprender las estructuras b\u00e9licas.<\/p>\n<p>El museo tiene el compromiso de mostrar una completa visi\u00f3n de la historia de la Guerra Civil en Extremadura, especilemente en las comarcas de La Serena y la Campi\u00f1a Sur de Badajoz, donde el frente de batalla se prolong\u00f3 durante toda la Guerra Civil con notables batallas y golpes de mano.<\/p>\n<p>La colecci\u00f3n se proyecta como una exposici\u00f3n did\u00e1ctica permanente y los objetivos perseguidos&nbsp; son:<\/p>\n<ol>\n<li>La divulgaci\u00f3n cient\u00edfica y educativa de los bienes arqueol\u00f3gicos que ha legado la Guerra Civil Espa\u00f1ola y de los hechos hist\u00f3ricos que les acontecieron en Campillo de Llerena y su entorno.<\/li>\n<li>La sensibilizaci\u00f3n e implicaci\u00f3n de la poblaci\u00f3n local en la protecci\u00f3n de este patrimonio cultural.<\/li>\n<li>El aprovechamiento tur\u00edstico de este patrimonio de cara el desarrollo socioecon\u00f3mico de nuestra localidadf.<\/li>\n<\/ol>\n<p><span class=\"d2edcug0 hpfvmrgz qv66sw1b c1et5uql rrkovp55 a8c37x1j keod5gw0 nxhoafnm aigsh9s9 d3f4x2em fe6kdd0r mau55g9w c8b282yb iv3no6db jq4qci2q a3bd9o3v knj5qynh oo9gr5id hzawbc8m\" dir=\"auto\">Un centro \u00fanico en Extremadura para conocer los 3 a\u00f1os de contienda civil en el Frente Extreme\u00f1o.<\/span><\/p>\t\t\t\t\t<\/div>\n\t\t\t\t\t\t<\/div>\n\t\t\t\t<\/div>\n\t\t\t\t<div class=\"elementor-element elementor-element-uxg5o3r eael-creative-button-align-center elementor-widget elementor-widget-eael-creative-button\" data-id=\"uxg5o3r\" data-element_type=\"widget\" data-widget_type=\"eael-creative-button.default\">\n\t\t\t\t<div class=\"elementor-widget-container\">\n\t\t\t\n\n<a id=\"eael-creative-button-uxg5o3r\" class=\"eael-creative-button eael-creative-button--default\"\n    href=\"http:\/\/museogcivilcampillo.es\/?page_id=560\" target=\"_self\" data-text=\"\">\n\t<span>\n\t\t\n\t\tHorario y visita\n\t\t\t<\/span>\n<\/a>\n\n<style type=\"text\/css\">\n\n\ta#eael-creative-button-uxg5o3r {\n\t    color: #663300;\n\t    padding: 15px 0px 15px 0px;\n\t    background-color: #ffffff;\n\t}\n\n\ta#eael-creative-button-uxg5o3r:hover {\n\t    color: #ffffff;\n\t    background-color: #663300;\n\t}\n\n\n\n\n\n<\/style>\n\n\n\t\t\t<\/div>\n\t\t\t\t<\/div>\n\t\t\t\t\t\t<\/div>\n\t\t\t\t\t<\/div>\n\t\t<\/div>\n\t\t\t\t<div class=\"elementor-column elementor-col-33 elementor-top-column elementor-element elementor-element-69ts596\" data-id=\"69ts596\" data-element_type=\"column\">\n\t\t\t<div class=\"elementor-column-wrap elementor-element-populated\">\n\t\t\t\t\t\t\t<div class=\"elementor-widget-wrap\">\n\t\t\t\t\t\t<div class=\"elementor-element elementor-element-93xtvwe elementor-widget elementor-widget-heading\" data-id=\"93xtvwe\" data-element_type=\"widget\" data-widget_type=\"heading.default\">\n\t\t\t\t<div class=\"elementor-widget-container\">\n\t\t\t<h4 class=\"elementor-heading-title elementor-size-default\">Galer\u00eda de im\u00e1genes<\/h4>\t\t<\/div>\n\t\t\t\t<\/div>\n\t\t\t\t<div class=\"elementor-element elementor-element-bchjynr elementor-widget elementor-widget-text-editor\" data-id=\"bchjynr\" data-element_type=\"widget\" data-widget_type=\"text-editor.default\">\n\t\t\t\t<div class=\"elementor-widget-container\">\n\t\t\t\t\t\t\t\t<div class=\"elementor-text-editor elementor-clearfix\">\n\t\t\t\t<p><div id=\"envira-gallery-wrap-1010\" class=\"envira-gallery-wrap envira-gallery-theme-base envira-lightbox-theme-base\" itemscope itemtype=\"https:\/\/schema.org\/ImageGallery\"><div data-row-height=\"\" data-gallery-theme=\"\" id=\"envira-gallery-1010\" class=\"envira-gallery-public  envira-gallery-2-columns envira-clear enviratope envira-gallery-css-animations\" data-envira-columns=\"2\"><div id=\"envira-gallery-item-1015\" class=\"envira-gallery-item enviratope-item envira-gallery-item-1 envira-lazy-load\" style=\"padding-left: 5px; padding-bottom: 10px; padding-right: 5px;\"  itemscope itemtype=\"https:\/\/schema.org\/ImageObject\"><div class=\"envira-gallery-item-inner\"><div class=\"envira-gallery-position-overlay  envira-gallery-top-left\"><\/div><div class=\"envira-gallery-position-overlay  envira-gallery-top-right\"><\/div><div class=\"envira-gallery-position-overlay  envira-gallery-bottom-left\"><\/div><div class=\"envira-gallery-position-overlay  envira-gallery-bottom-right\"><\/div><a href=\"http:\/\/museogcivilcampillo.es\/wp-content\/uploads\/2019\/07\/museo.jpg\" class=\"envira-gallery-1010 envira-gallery-link\" rel=\"enviragallery1010\" title=\"\" data-envira-caption=\"\" data-envira-retina=\"\" data-thumbnail=\"\"  itemprop=\"contentUrl\"><div class=\"envira-lazy\" data-test-width=\"640\" data-test-height=\"480\" style=\"padding-bottom:75%;\"><img id=\"envira-gallery-image-1015\" class=\"envira-gallery-image envira-gallery-image-1\" data-envira-index=\"1\" src=\"https:\/\/museogcivilcampillo.es\/wp-content\/uploads\/2019\/07\/museo-600x600-640x480_c.jpg\" data-envira-src=\"https:\/\/museogcivilcampillo.es\/wp-content\/uploads\/2019\/07\/museo-600x600-640x480_c.jpg\" data-envira-gallery-id=\"1010\" data-envira-item-id=\"1015\" data-envira-caption=\"\" alt=\"\" title=\"\"  itemprop=\"thumbnailUrl\" data-envira-srcset=\"https:\/\/museogcivilcampillo.es\/wp-content\/uploads\/2019\/07\/museo-600x600-640x480_c.jpg 400w,https:\/\/museogcivilcampillo.es\/wp-content\/uploads\/2019\/07\/museo-600x600-640x480_c.jpg 2x\" srcset=\"data:image\/gif;base64,R0lGODlhAQABAIAAAP\/\/\/\/\/\/\/yH5BAEKAAEALAAAAAABAAEAAAICTAEAOw==\" \/><\/div><\/a><\/div><\/div><div id=\"envira-gallery-item-1011\" class=\"envira-gallery-item enviratope-item envira-gallery-item-2 envira-lazy-load\" style=\"padding-left: 5px; padding-bottom: 10px; padding-right: 5px;\"  itemscope itemtype=\"https:\/\/schema.org\/ImageObject\"><div class=\"envira-gallery-item-inner\"><div class=\"envira-gallery-position-overlay  envira-gallery-top-left\"><\/div><div class=\"envira-gallery-position-overlay  envira-gallery-top-right\"><\/div><div class=\"envira-gallery-position-overlay  envira-gallery-bottom-left\"><\/div><div class=\"envira-gallery-position-overlay  envira-gallery-bottom-right\"><\/div><a href=\"http:\/\/museogcivilcampillo.es\/wp-content\/uploads\/2019\/07\/origen-balistica-informacion-bandos-JCD_EDIIMA20160129_0705_5.jpg\" class=\"envira-gallery-1010 envira-gallery-link\" rel=\"enviragallery1010\" title=\"\" data-envira-caption=\"\" data-envira-retina=\"\" data-thumbnail=\"\"  itemprop=\"contentUrl\"><div class=\"envira-lazy\" data-test-width=\"640\" data-test-height=\"480\" style=\"padding-bottom:75%;\"><img id=\"envira-gallery-image-1011\" class=\"envira-gallery-image envira-gallery-image-2\" data-envira-index=\"2\" src=\"https:\/\/museogcivilcampillo.es\/wp-content\/uploads\/2019\/07\/origen-balistica-informacion-bandos-JCD_EDIIMA20160129_0705_5-640x480_c.jpg\" data-envira-src=\"https:\/\/museogcivilcampillo.es\/wp-content\/uploads\/2019\/07\/origen-balistica-informacion-bandos-JCD_EDIIMA20160129_0705_5-640x480_c.jpg\" data-envira-gallery-id=\"1010\" data-envira-item-id=\"1011\" data-envira-caption=\"\" alt=\"\" title=\"\"  itemprop=\"thumbnailUrl\" data-envira-srcset=\"https:\/\/museogcivilcampillo.es\/wp-content\/uploads\/2019\/07\/origen-balistica-informacion-bandos-JCD_EDIIMA20160129_0705_5-640x480_c.jpg 400w,https:\/\/museogcivilcampillo.es\/wp-content\/uploads\/2019\/07\/origen-balistica-informacion-bandos-JCD_EDIIMA20160129_0705_5-640x480_c.jpg 2x\" srcset=\"data:image\/gif;base64,R0lGODlhAQABAIAAAP\/\/\/\/\/\/\/yH5BAEKAAEALAAAAAABAAEAAAICTAEAOw==\" \/><\/div><\/a><\/div><\/div><div id=\"envira-gallery-item-1012\" class=\"envira-gallery-item enviratope-item envira-gallery-item-3 envira-lazy-load\" style=\"padding-left: 5px; padding-bottom: 10px; padding-right: 5px;\"  itemscope itemtype=\"https:\/\/schema.org\/ImageObject\"><div class=\"envira-gallery-item-inner\"><div class=\"envira-gallery-position-overlay  envira-gallery-top-left\"><\/div><div class=\"envira-gallery-position-overlay  envira-gallery-top-right\"><\/div><div class=\"envira-gallery-position-overlay  envira-gallery-bottom-left\"><\/div><div class=\"envira-gallery-position-overlay  envira-gallery-bottom-right\"><\/div><a href=\"http:\/\/museogcivilcampillo.es\/wp-content\/uploads\/2019\/07\/VITRINA-4-SUP.jpg\" class=\"envira-gallery-1010 envira-gallery-link\" rel=\"enviragallery1010\" title=\"\" data-envira-caption=\"\" data-envira-retina=\"\" data-thumbnail=\"\"  itemprop=\"contentUrl\"><div class=\"envira-lazy\" data-test-width=\"640\" data-test-height=\"480\" style=\"padding-bottom:75%;\"><img id=\"envira-gallery-image-1012\" class=\"envira-gallery-image envira-gallery-image-3\" data-envira-index=\"3\" src=\"https:\/\/museogcivilcampillo.es\/wp-content\/uploads\/2019\/07\/VITRINA-4-SUP-640x480_c.jpg\" data-envira-src=\"https:\/\/museogcivilcampillo.es\/wp-content\/uploads\/2019\/07\/VITRINA-4-SUP-640x480_c.jpg\" data-envira-gallery-id=\"1010\" data-envira-item-id=\"1012\" data-envira-caption=\"\" alt=\"\" title=\"\"  itemprop=\"thumbnailUrl\" data-envira-srcset=\"https:\/\/museogcivilcampillo.es\/wp-content\/uploads\/2019\/07\/VITRINA-4-SUP-640x480_c.jpg 400w,https:\/\/museogcivilcampillo.es\/wp-content\/uploads\/2019\/07\/VITRINA-4-SUP-640x480_c.jpg 2x\" srcset=\"data:image\/gif;base64,R0lGODlhAQABAIAAAP\/\/\/\/\/\/\/yH5BAEKAAEALAAAAAABAAEAAAICTAEAOw==\" \/><\/div><\/a><\/div><\/div><div id=\"envira-gallery-item-1013\" class=\"envira-gallery-item enviratope-item envira-gallery-item-4 envira-lazy-load\" style=\"padding-left: 5px; padding-bottom: 10px; padding-right: 5px;\"  itemscope itemtype=\"https:\/\/schema.org\/ImageObject\"><div class=\"envira-gallery-item-inner\"><div class=\"envira-gallery-position-overlay  envira-gallery-top-left\"><\/div><div class=\"envira-gallery-position-overlay  envira-gallery-top-right\"><\/div><div class=\"envira-gallery-position-overlay  envira-gallery-bottom-left\"><\/div><div class=\"envira-gallery-position-overlay  envira-gallery-bottom-right\"><\/div><a href=\"http:\/\/museogcivilcampillo.es\/wp-content\/uploads\/2019\/07\/VITRINA-5-MED.jpg\" class=\"envira-gallery-1010 envira-gallery-link\" rel=\"enviragallery1010\" title=\"\" data-envira-caption=\"\" data-envira-retina=\"\" data-thumbnail=\"\"  itemprop=\"contentUrl\"><div class=\"envira-lazy\" data-test-width=\"640\" data-test-height=\"480\" style=\"padding-bottom:75%;\"><img id=\"envira-gallery-image-1013\" class=\"envira-gallery-image envira-gallery-image-4\" data-envira-index=\"4\" src=\"https:\/\/museogcivilcampillo.es\/wp-content\/uploads\/2019\/07\/VITRINA-5-MED-800x600-640x480_c.jpg\" data-envira-src=\"https:\/\/museogcivilcampillo.es\/wp-content\/uploads\/2019\/07\/VITRINA-5-MED-800x600-640x480_c.jpg\" data-envira-gallery-id=\"1010\" data-envira-item-id=\"1013\" data-envira-caption=\"\" alt=\"\" title=\"\"  itemprop=\"thumbnailUrl\" data-envira-srcset=\"https:\/\/museogcivilcampillo.es\/wp-content\/uploads\/2019\/07\/VITRINA-5-MED-800x600-640x480_c.jpg 400w,https:\/\/museogcivilcampillo.es\/wp-content\/uploads\/2019\/07\/VITRINA-5-MED-800x600-640x480_c.jpg 2x\" srcset=\"data:image\/gif;base64,R0lGODlhAQABAIAAAP\/\/\/\/\/\/\/yH5BAEKAAEALAAAAAABAAEAAAICTAEAOw==\" \/><\/div><\/a><\/div><\/div><div id=\"envira-gallery-item-1014\" class=\"envira-gallery-item enviratope-item envira-gallery-item-5 envira-lazy-load\" style=\"padding-left: 5px; padding-bottom: 10px; padding-right: 5px;\"  itemscope itemtype=\"https:\/\/schema.org\/ImageObject\"><div class=\"envira-gallery-item-inner\"><div class=\"envira-gallery-position-overlay  envira-gallery-top-left\"><\/div><div class=\"envira-gallery-position-overlay  envira-gallery-top-right\"><\/div><div class=\"envira-gallery-position-overlay  envira-gallery-bottom-left\"><\/div><div class=\"envira-gallery-position-overlay  envira-gallery-bottom-right\"><\/div><a href=\"http:\/\/museogcivilcampillo.es\/wp-content\/uploads\/2019\/07\/VITRINA-7-MED.jpg\" class=\"envira-gallery-1010 envira-gallery-link\" rel=\"enviragallery1010\" title=\"\" data-envira-caption=\"\" data-envira-retina=\"\" data-thumbnail=\"\"  itemprop=\"contentUrl\"><div class=\"envira-lazy\" data-test-width=\"640\" data-test-height=\"480\" style=\"padding-bottom:75%;\"><img id=\"envira-gallery-image-1014\" class=\"envira-gallery-image envira-gallery-image-5\" data-envira-index=\"5\" src=\"https:\/\/museogcivilcampillo.es\/wp-content\/uploads\/2019\/07\/VITRINA-7-MED-800x600-640x480_c.jpg\" data-envira-src=\"https:\/\/museogcivilcampillo.es\/wp-content\/uploads\/2019\/07\/VITRINA-7-MED-800x600-640x480_c.jpg\" data-envira-gallery-id=\"1010\" data-envira-item-id=\"1014\" data-envira-caption=\"\" alt=\"\" title=\"\"  itemprop=\"thumbnailUrl\" data-envira-srcset=\"https:\/\/museogcivilcampillo.es\/wp-content\/uploads\/2019\/07\/VITRINA-7-MED-800x600-640x480_c.jpg 400w,https:\/\/museogcivilcampillo.es\/wp-content\/uploads\/2019\/07\/VITRINA-7-MED-800x600-640x480_c.jpg 2x\" srcset=\"data:image\/gif;base64,R0lGODlhAQABAIAAAP\/\/\/\/\/\/\/yH5BAEKAAEALAAAAAABAAEAAAICTAEAOw==\" \/><\/div><\/a><\/div><\/div><div id=\"envira-gallery-item-1016\" class=\"envira-gallery-item enviratope-item envira-gallery-item-6 envira-lazy-load\" style=\"padding-left: 5px; padding-bottom: 10px; padding-right: 5px;\"  itemscope itemtype=\"https:\/\/schema.org\/ImageObject\"><div class=\"envira-gallery-item-inner\"><div class=\"envira-gallery-position-overlay  envira-gallery-top-left\"><\/div><div class=\"envira-gallery-position-overlay  envira-gallery-top-right\"><\/div><div class=\"envira-gallery-position-overlay  envira-gallery-bottom-left\"><\/div><div class=\"envira-gallery-position-overlay  envira-gallery-bottom-right\"><\/div><a href=\"http:\/\/museogcivilcampillo.es\/wp-content\/uploads\/2019\/07\/IMG_20170727_112714.jpg\" class=\"envira-gallery-1010 envira-gallery-link\" rel=\"enviragallery1010\" title=\"\" data-envira-caption=\"\" data-envira-retina=\"\" data-thumbnail=\"\"  itemprop=\"contentUrl\"><div class=\"envira-lazy\" data-test-width=\"640\" data-test-height=\"480\" style=\"padding-bottom:75%;\"><img id=\"envira-gallery-image-1016\" class=\"envira-gallery-image envira-gallery-image-6\" data-envira-index=\"6\" src=\"https:\/\/museogcivilcampillo.es\/wp-content\/uploads\/2019\/07\/IMG_20170727_112714-600x600-640x480_c.jpg\" data-envira-src=\"https:\/\/museogcivilcampillo.es\/wp-content\/uploads\/2019\/07\/IMG_20170727_112714-600x600-640x480_c.jpg\" data-envira-gallery-id=\"1010\" data-envira-item-id=\"1016\" data-envira-caption=\"\" alt=\"\" title=\"\"  itemprop=\"thumbnailUrl\" data-envira-srcset=\"https:\/\/museogcivilcampillo.es\/wp-content\/uploads\/2019\/07\/IMG_20170727_112714-600x600-640x480_c.jpg 400w,https:\/\/museogcivilcampillo.es\/wp-content\/uploads\/2019\/07\/IMG_20170727_112714-600x600-640x480_c.jpg 2x\" srcset=\"data:image\/gif;base64,R0lGODlhAQABAIAAAP\/\/\/\/\/\/\/yH5BAEKAAEALAAAAAABAAEAAAICTAEAOw==\" \/><\/div><\/a><\/div><\/div><\/div><\/div><noscript><img src=\"https:\/\/museogcivilcampillo.es\/wp-content\/uploads\/2019\/07\/museo.jpg\" alt=\"\" \/><img src=\"https:\/\/museogcivilcampillo.es\/wp-content\/uploads\/2019\/07\/origen-balistica-informacion-bandos-JCD_EDIIMA20160129_0705_5.jpg\" alt=\"\" \/><img src=\"https:\/\/museogcivilcampillo.es\/wp-content\/uploads\/2019\/07\/VITRINA-4-SUP.jpg\" alt=\"\" \/><img src=\"https:\/\/museogcivilcampillo.es\/wp-content\/uploads\/2019\/07\/VITRINA-5-MED.jpg\" alt=\"\" \/><img src=\"https:\/\/museogcivilcampillo.es\/wp-content\/uploads\/2019\/07\/VITRINA-7-MED.jpg\" alt=\"\" \/><img src=\"https:\/\/museogcivilcampillo.es\/wp-content\/uploads\/2019\/07\/IMG_20170727_112714.jpg\" alt=\"\" \/><\/noscript><\/p>\t\t\t\t\t<\/div>\n\t\t\t\t\t\t<\/div>\n\t\t\t\t<\/div>\n\t\t\t\t\t\t<\/div>\n\t\t\t\t\t<\/div>\n\t\t<\/div>\n\t\t\t\t\t\t\t\t<\/div>\n\t\t\t\t\t<\/div>\n\t\t<\/section>\n\t\t\t\t<section class=\"elementor-section elementor-top-section elementor-element elementor-element-sh58ki3 elementor-section-boxed elementor-section-height-default elementor-section-height-default\" data-id=\"sh58ki3\" data-element_type=\"section\">\n\t\t\t\t\t\t<div class=\"elementor-container elementor-column-gap-default\">\n\t\t\t\t\t\t\t<div class=\"elementor-row\">\n\t\t\t\t\t<div class=\"elementor-column elementor-col-100 elementor-top-column elementor-element elementor-element-wsfvvhm\" data-id=\"wsfvvhm\" data-element_type=\"column\">\n\t\t\t<div class=\"elementor-column-wrap\">\n\t\t\t\t\t\t\t<div class=\"elementor-widget-wrap\">\n\t\t\t\t\t\t\t\t<\/div>\n\t\t\t\t\t<\/div>\n\t\t<\/div>\n\t\t\t\t\t\t\t\t<\/div>\n\t\t\t\t\t<\/div>\n\t\t<\/section>\n\t\t\t\t\t\t<\/div>\n\t\t\t\t\t\t<\/div>\n\t\t\t\t\t<\/div>\n\t\t","protected":false},"excerpt":{"rendered":"<p>La Colecci\u00f3n Museogr\u00e1fica de la Guerra Civil de Campillo de Llerena les da la bienvenida y les ofrece los restos recuperados en las excavaciones arqueol\u00f3gicas del Cementerio de Guerra de los Italianos, de una posici\u00f3n militar del bando sublevado del frente en la zona y, adem\u00e1s, de otras piezas originales cedidas por el vecindario de [&hellip;]<\/p>\n","protected":false},"author":1,"featured_media":0,"parent":0,"menu_order":0,"comment_status":"closed","ping_status":"closed","template":"","meta":{"ngg_post_thumbnail":0},"_links":{"self":[{"href":"https:\/\/museogcivilcampillo.es\/index.php?rest_route=\/wp\/v2\/pages\/93"}],"collection":[{"href":"https:\/\/museogcivilcampillo.es\/index.php?rest_route=\/wp\/v2\/pages"}],"about":[{"href":"https:\/\/museogcivilcampillo.es\/index.php?rest_route=\/wp\/v2\/types\/page"}],"author":[{"embeddable":true,"href":"https:\/\/museogcivilcampillo.es\/index.php?rest_route=\/wp\/v2\/users\/1"}],"replies":[{"embeddable":true,"href":"https:\/\/museogcivilcampillo.es\/index.php?rest_route=%2Fwp%2Fv2%2Fcomments&post=93"}],"version-history":[{"count":71,"href":"https:\/\/museogcivilcampillo.es\/index.php?rest_route=\/wp\/v2\/pages\/93\/revisions"}],"predecessor-version":[{"id":1851,"href":"https:\/\/museogcivilcampillo.es\/index.php?rest_route=\/wp\/v2\/pages\/93\/revisions\/1851"}],"wp:attachment":[{"href":"https:\/\/museogcivilcampillo.es\/index.php?rest_route=%2Fwp%2Fv2%2Fmedia&parent=93"}],"curies":[{"name":"wp","href":"https:\/\/api.w.org\/{rel}","templated":true}]}}