{"id":99,"date":"2017-07-18T19:56:17","date_gmt":"2017-07-18T19:56:17","guid":{"rendered":"http:\/\/museogcivilcampillo.es\/?page_id=99"},"modified":"2018-10-30T18:58:41","modified_gmt":"2018-10-30T18:58:41","slug":"la-guerra-civil-en-campillo-de-llerena","status":"publish","type":"page","link":"https:\/\/museogcivilcampillo.es\/?page_id=99","title":{"rendered":"La Guerra en Campillo de Llerena"},"content":{"rendered":"<p>&nbsp;<\/p>\n<div id=\"attachment_629\" style=\"width: 810px\" class=\"wp-caption aligncenter\"><img aria-describedby=\"caption-attachment-629\" loading=\"lazy\" class=\"wp-image-629\" src=\"http:\/\/museogcivilcampillo.es\/wp-content\/uploads\/2017\/07\/desfiles-escuelas-1024x502.jpg\" alt=\"\" width=\"800\" height=\"392\" srcset=\"https:\/\/museogcivilcampillo.es\/wp-content\/uploads\/2017\/07\/desfiles-escuelas-1024x502.jpg 1024w, https:\/\/museogcivilcampillo.es\/wp-content\/uploads\/2017\/07\/desfiles-escuelas-300x147.jpg 300w, https:\/\/museogcivilcampillo.es\/wp-content\/uploads\/2017\/07\/desfiles-escuelas-768x377.jpg 768w, https:\/\/museogcivilcampillo.es\/wp-content\/uploads\/2017\/07\/desfiles-escuelas-800x392.jpg 800w, https:\/\/museogcivilcampillo.es\/wp-content\/uploads\/2017\/07\/desfiles-escuelas.jpg 1863w\" sizes=\"(max-width: 800px) 100vw, 800px\" \/><p id=\"caption-attachment-629\" class=\"wp-caption-text\">Desfile de varias unidades de la 2\u00aa Brigada de la 21 Divisi\u00f3n del Ej\u00e9rcito de Sur junto a las escuelas de Campillo de Llerena. Julio 1937?-1938?<\/p><\/div>\n<p><span style=\"font-size: 12pt; font-family: arial, helvetica, sans-serif;\">El 1 de octubre de 1936, Campillo de Llerena fue ocupado por el ej\u00e9rcito franquista, siendo el \u00faltimo pueblo que los rebeldes tomaron de la provincia de Badajoz antes de la estabilizaci\u00f3n de los frentes b\u00e9licos. Tras su toma se produce el repliegue de las fuerzas republicanas hacia la Sierra de Argall\u00e9n, L\u00e1zaro y \u00c1vila al Norte y Sierra del Acebuche, Pollos y Traviesa al Este, constituy\u00e9ndose un frente que dur\u00f3 hasta el verano de 1938, en la zona Norte, y hasta enero de 1939 en el Este de Campillo de Llerena. De este modo, Campillo de Llerena quedar\u00e1 casi en la misma l\u00ednea del frente de guerra pr\u00e1cticamente la totalidad de la guerra, convirti\u00e9ndose en una base militar.<\/span><\/p>\n<div id=\"attachment_777\" style=\"width: 510px\" class=\"wp-caption aligncenter\"><img aria-describedby=\"caption-attachment-777\" loading=\"lazy\" class=\"wp-image-777\" src=\"http:\/\/museogcivilcampillo.es\/wp-content\/uploads\/2017\/07\/1-comision_gestora_campillo-382x1024.jpg\" alt=\"\" width=\"500\" height=\"1341\" srcset=\"https:\/\/museogcivilcampillo.es\/wp-content\/uploads\/2017\/07\/1-comision_gestora_campillo-382x1024.jpg 382w, https:\/\/museogcivilcampillo.es\/wp-content\/uploads\/2017\/07\/1-comision_gestora_campillo-112x300.jpg 112w, https:\/\/museogcivilcampillo.es\/wp-content\/uploads\/2017\/07\/1-comision_gestora_campillo-768x2060.jpg 768w, https:\/\/museogcivilcampillo.es\/wp-content\/uploads\/2017\/07\/1-comision_gestora_campillo-224x600.jpg 224w, https:\/\/museogcivilcampillo.es\/wp-content\/uploads\/2017\/07\/1-comision_gestora_campillo.jpg 1696w\" sizes=\"(max-width: 500px) 100vw, 500px\" \/><p id=\"caption-attachment-777\" class=\"wp-caption-text\">Acta de constituci\u00f3n de la Comisi\u00f3n Gestora del Ayuntamiento de Campillo de Llerena tras su ocupaci\u00f3n por las tropas sublevadas el 1 de octubre de 1936. Fuente: Archivo Provincial de la Diputaci\u00f3n de Badajoz.<\/p><\/div>\n<p><span style=\"font-family: arial, helvetica, sans-serif;\">En esos primeros d\u00edas de octubre, la cercan\u00eda de la &#8220;l\u00ednea de&nbsp; fuego&#8221; obligar\u00e1 a la Comisi\u00f3n Gestora del Ayuntamiento a solicitar al Gobierno Militar de Badajoz la no ejecuci\u00f3n de su orden de movilizaci\u00f3n de soldados (reclutamiento obligatorio) en atenci\u00f3n a que la poblaci\u00f3n quedar\u00eda indefensa.<\/span><\/p>\n<div id=\"attachment_782\" style=\"width: 730px\" class=\"wp-caption aligncenter\"><img aria-describedby=\"caption-attachment-782\" loading=\"lazy\" class=\"wp-image-782 size-large\" src=\"http:\/\/museogcivilcampillo.es\/wp-content\/uploads\/2017\/07\/orden-movilizaci\u00f3n-1024x771.jpg\" alt=\"\" width=\"720\" height=\"542\" srcset=\"https:\/\/museogcivilcampillo.es\/wp-content\/uploads\/2017\/07\/orden-movilizaci\u00f3n-1024x771.jpg 1024w, https:\/\/museogcivilcampillo.es\/wp-content\/uploads\/2017\/07\/orden-movilizaci\u00f3n-300x226.jpg 300w, https:\/\/museogcivilcampillo.es\/wp-content\/uploads\/2017\/07\/orden-movilizaci\u00f3n-768x578.jpg 768w, https:\/\/museogcivilcampillo.es\/wp-content\/uploads\/2017\/07\/orden-movilizaci\u00f3n-797x600.jpg 797w\" sizes=\"(max-width: 720px) 100vw, 720px\" \/><p id=\"caption-attachment-782\" class=\"wp-caption-text\">Propuesta de la Comisi\u00f3n Gestora de Campillo de Llerena para la no movilizaci\u00f3n de soldados de la localidad (21 de octubre de 1936). Fuente: Archivo Provincial de la Diputaci\u00f3n de Badajoz.<\/p><\/div>\n<p>&nbsp;<\/p>\n<div id=\"attachment_623\" style=\"width: 310px\" class=\"wp-caption alignleft\"><img aria-describedby=\"caption-attachment-623\" loading=\"lazy\" class=\"wp-image-623\" src=\"http:\/\/museogcivilcampillo.es\/wp-content\/uploads\/2017\/07\/octavilla-res-baja-498x1024.jpg\" alt=\"\" width=\"300\" height=\"616\" srcset=\"https:\/\/museogcivilcampillo.es\/wp-content\/uploads\/2017\/07\/octavilla-res-baja-498x1024.jpg 498w, https:\/\/museogcivilcampillo.es\/wp-content\/uploads\/2017\/07\/octavilla-res-baja-146x300.jpg 146w, https:\/\/museogcivilcampillo.es\/wp-content\/uploads\/2017\/07\/octavilla-res-baja-768x1578.jpg 768w, https:\/\/museogcivilcampillo.es\/wp-content\/uploads\/2017\/07\/octavilla-res-baja-292x600.jpg 292w, https:\/\/museogcivilcampillo.es\/wp-content\/uploads\/2017\/07\/octavilla-res-baja.jpg 1194w\" sizes=\"(max-width: 300px) 100vw, 300px\" \/><p id=\"caption-attachment-623\" class=\"wp-caption-text\">Velada del primer aniversario de la ocupaci\u00f3n de Campillo de Llerena<\/p><\/div>\n<p><span style=\"font-family: arial, helvetica, sans-serif;\">Desde su estabilizaci\u00f3n a finales de octubre de 1936, el &#8220;Frente Extreme\u00f1o&#8221;, de 220 kil\u00f3metros de largo, fue un frente secundario, est\u00e1tico, marcado por una guerra de \u201ctrincheras\u201d y peque\u00f1os golpes de mano para rectificar l\u00edneas o para mantener en tensi\u00f3n al enemigo en funci\u00f3n de las grandes batallas de la guerra.&nbsp; Este frente ten\u00eda la particularidad de ser un peligroso entrante en la zona franquista hasta agosto de 1938.<\/span><\/p>\n<p><span style=\"font-family: arial, helvetica, sans-serif;\">El sector Retamal &#8211; Campillo se ubica en el flanco sur del \u00e1rea asignada a la 21 Divisi\u00f3n del II Cuerpo de Ej\u00e9rcito del Ejercito del Sur, quedando protegido por la 2\u00ba Brigada de la 21 Divisi\u00f3n hasta julio de 1938.<\/span><\/p>\n<p><span style=\"font-family: arial, helvetica, sans-serif;\">De varios informes franquistas de finales de mayo de 1937 de la 21 Divisi\u00f3n, se muestra escasa importancia de sector Retamal-Campillo en la estructura defensiva de la citada Divisi\u00f3n ante la previsi\u00f3n de un importante ataque hacia M\u00e9rida &#8211; Badajoz, el &#8220;Plan P&#8221;, por su flanco norte. As\u00ed, mientras la unidades m\u00e1s combativas y la artiller\u00eda se concentran en el flanco norte (Santa Amalia \u2013 Villagonz\u00e1lo &#8211; Alange), esta zona queda guarnecida por unidades \u201cmenores\u201d, sumando&nbsp; 2 Batallones y 4 Escuadrones de Caballer\u00eda y no contempl\u00e1ndose ningun refuerzo.<\/span><\/p>\n<p><span style=\"font-family: arial, helvetica, sans-serif;\">Sin embargo, los estudios estrat\u00e9gicos demandados en las mismas fechas hacen que el \u00e1rea de Campillo de Llerena pase a tener un alto valor ofensivo sobre el \u00e1rea republicana conocida como la \u201cBolsa de La Serena o M\u00e9rida\u201d y su estructura militar, el \u201cDispositivo Castuera\u201d.<\/span><\/p>\n<p><span style=\"font-family: arial, helvetica, sans-serif;\">A partir de este cambio estrat\u00e9gico, Campillo de Llerena queda como un importante lugar en la estructura ofensiva del bando sublevado respecto al \u201centrante de La Serena\u201d sobre el citado plan de ataque republicano.<\/span><\/p>\n<p><span style=\"font-family: arial, helvetica, sans-serif;\">En junio de 1937 se a\u00f1aden m\u00e1s unidades de la 21 Divisi\u00f3n para cubrir la zona, entre ellas, Regulares y artiller\u00eda.<\/span><\/p>\n<p><span style=\"font-family: arial, helvetica, sans-serif;\">La existencia del \u201centrante de La Serena\u201d va a condicionar la din\u00e1mica del frente en esta zona con diversas acciones encaminadas a su destrucci\u00f3n por parte de las fuerzas franquistas. La primera de ellas, en junio de 1937.<\/span><\/p>\n<p><span style=\"font-family: arial, helvetica, sans-serif;\">En el mencionado mes de junio de 1937, se planea la <strong>primera batalla de Argall\u00e9n<\/strong> que ser\u00e1 llevada a cabo por la 1\u00aa Brigada Mixta Legionaria Flechas Azules. Tras la ofensiva, las posiciones ganadas son ocupadas por las unidades de la 2\u00aa Brigada de la 21 Divisi\u00f3n en sustituci\u00f3n de los &#8220;Flechas Azules&#8221;.<\/span><\/p>\n<p><span style=\"font-family: arial, helvetica, sans-serif;\">En febrero de 1938 se desarrolla la <strong>segunda batalla de Argall\u00e9n<\/strong>, donde la ofensiva republicana casi llega a la poblaci\u00f3n.<\/span><\/p>\n<p><span style=\"font-family: arial, helvetica, sans-serif;\">En junio de 1938, una operaci\u00f3n iniciada en el vecino frente andaluz provoca la <strong>ca\u00edda del frente Campillo \u2013 Peraleda del Zaucejo<\/strong>. Entre junio y agosto se desencadenan las operaciones que dar\u00e1n lugar al <strong>&#8220;cierre de la Bolsa de La Serena\u201d<\/strong> y el alejamiento definitivo del frente de Campillo.<\/span><\/p>\n<p><span style=\"font-family: arial, helvetica, sans-serif;\">Sin embargo, la <strong>ofensiva republicana de Valsequill<\/strong>o, en enero de 1939, se acercar\u00e1 a Campillo, que es uno de sus objetivos principales.<\/span><\/p>\n<p><span style=\"font-family: arial, helvetica, sans-serif;\">Tristemente, el &#8220;Frente Extreme\u00f1o&#8221; y todas las batallas y combates que tuvieron lugar en el mismo se han visto eclipsadas por otras de mayor renombre. As\u00ed, el \u00faltimo gran combate de fuerzas que se dio en la guerra, la citada batalla de Valsequillo, se vio silenciada por la campa\u00f1a de Catalu\u00f1a.<\/span><\/p>\n<p>&nbsp;<\/p>\n<div id=\"attachment_626\" style=\"width: 510px\" class=\"wp-caption aligncenter\"><img aria-describedby=\"caption-attachment-626\" loading=\"lazy\" class=\"wp-image-626\" src=\"http:\/\/museogcivilcampillo.es\/wp-content\/uploads\/2017\/07\/programa-festejos.jpg\" alt=\"\" width=\"500\" height=\"643\" srcset=\"https:\/\/museogcivilcampillo.es\/wp-content\/uploads\/2017\/07\/programa-festejos.jpg 649w, https:\/\/museogcivilcampillo.es\/wp-content\/uploads\/2017\/07\/programa-festejos-233x300.jpg 233w, https:\/\/museogcivilcampillo.es\/wp-content\/uploads\/2017\/07\/programa-festejos-467x600.jpg 467w\" sizes=\"(max-width: 500px) 100vw, 500px\" \/><p id=\"caption-attachment-626\" class=\"wp-caption-text\">Portada del programa de festejos con motivo de la Fiesta de Santiago. Julio de 1937<\/p><\/div>\n<div id=\"attachment_634\" style=\"width: 510px\" class=\"wp-caption aligncenter\"><img aria-describedby=\"caption-attachment-634\" loading=\"lazy\" class=\"wp-image-634\" src=\"http:\/\/museogcivilcampillo.es\/wp-content\/uploads\/2017\/07\/programa-festejos-fragmento.jpg\" alt=\"\" width=\"500\" height=\"638\" srcset=\"https:\/\/museogcivilcampillo.es\/wp-content\/uploads\/2017\/07\/programa-festejos-fragmento.jpg 644w, https:\/\/museogcivilcampillo.es\/wp-content\/uploads\/2017\/07\/programa-festejos-fragmento-235x300.jpg 235w, https:\/\/museogcivilcampillo.es\/wp-content\/uploads\/2017\/07\/programa-festejos-fragmento-470x600.jpg 470w\" sizes=\"(max-width: 500px) 100vw, 500px\" \/><p id=\"caption-attachment-634\" class=\"wp-caption-text\">Fragmento del programa de festejos de la Fiesta de Santiago en Campillo de Llerena. Julio de 1937.<\/p><\/div>\n<div id=\"attachment_715\" style=\"width: 560px\" class=\"wp-caption aligncenter\"><a href=\"http:\/\/museogcivilcampillo.es\/wp-content\/uploads\/2017\/07\/periodico-frenteextreme\u00f1o-1-07-1937.jpg\"><img aria-describedby=\"caption-attachment-715\" loading=\"lazy\" class=\"wp-image-715\" src=\"http:\/\/museogcivilcampillo.es\/wp-content\/uploads\/2017\/07\/periodico-frenteextreme\u00f1o-1-07-1937-552x1024.jpg\" alt=\"\" width=\"550\" height=\"1021\" srcset=\"https:\/\/museogcivilcampillo.es\/wp-content\/uploads\/2017\/07\/periodico-frenteextreme\u00f1o-1-07-1937-552x1024.jpg 552w, https:\/\/museogcivilcampillo.es\/wp-content\/uploads\/2017\/07\/periodico-frenteextreme\u00f1o-1-07-1937-162x300.jpg 162w, https:\/\/museogcivilcampillo.es\/wp-content\/uploads\/2017\/07\/periodico-frenteextreme\u00f1o-1-07-1937-768x1425.jpg 768w, https:\/\/museogcivilcampillo.es\/wp-content\/uploads\/2017\/07\/periodico-frenteextreme\u00f1o-1-07-1937-323x600.jpg 323w, https:\/\/museogcivilcampillo.es\/wp-content\/uploads\/2017\/07\/periodico-frenteextreme\u00f1o-1-07-1937.jpg 1852w\" sizes=\"(max-width: 550px) 100vw, 550px\" \/><\/a><p id=\"caption-attachment-715\" class=\"wp-caption-text\">Fragmento del peri\u00f3dico &#8220;Frente Extreme\u00f1o&#8221; del 1 de julio de 1937 sobre los recientes combates de la primera batalla de Sierra de Argall\u00e9n.<\/p><\/div>\n<p>&nbsp;<\/p>\n<div class=\"mceTemp\">&nbsp;<\/div>\n","protected":false},"excerpt":{"rendered":"<p>&nbsp; El 1 de octubre de 1936, Campillo de Llerena fue ocupado por el ej\u00e9rcito franquista, siendo el \u00faltimo pueblo que los rebeldes tomaron de la provincia de Badajoz antes de la estabilizaci\u00f3n de los frentes b\u00e9licos. Tras su toma se produce el repliegue de las fuerzas republicanas hacia la Sierra de Argall\u00e9n, L\u00e1zaro y [&hellip;]<\/p>\n","protected":false},"author":1,"featured_media":0,"parent":0,"menu_order":0,"comment_status":"closed","ping_status":"closed","template":"","meta":{"ngg_post_thumbnail":0},"_links":{"self":[{"href":"https:\/\/museogcivilcampillo.es\/index.php?rest_route=\/wp\/v2\/pages\/99"}],"collection":[{"href":"https:\/\/museogcivilcampillo.es\/index.php?rest_route=\/wp\/v2\/pages"}],"about":[{"href":"https:\/\/museogcivilcampillo.es\/index.php?rest_route=\/wp\/v2\/types\/page"}],"author":[{"embeddable":true,"href":"https:\/\/museogcivilcampillo.es\/index.php?rest_route=\/wp\/v2\/users\/1"}],"replies":[{"embeddable":true,"href":"https:\/\/museogcivilcampillo.es\/index.php?rest_route=%2Fwp%2Fv2%2Fcomments&post=99"}],"version-history":[{"count":50,"href":"https:\/\/museogcivilcampillo.es\/index.php?rest_route=\/wp\/v2\/pages\/99\/revisions"}],"predecessor-version":[{"id":845,"href":"https:\/\/museogcivilcampillo.es\/index.php?rest_route=\/wp\/v2\/pages\/99\/revisions\/845"}],"wp:attachment":[{"href":"https:\/\/museogcivilcampillo.es\/index.php?rest_route=%2Fwp%2Fv2%2Fmedia&parent=99"}],"curies":[{"name":"wp","href":"https:\/\/api.w.org\/{rel}","templated":true}]}}